{"id":10371,"date":"2021-02-27T20:58:19","date_gmt":"2021-02-27T19:58:19","guid":{"rendered":"https:\/\/trockendock.one\/158\/?page_id=10371"},"modified":"2025-11-12T17:53:12","modified_gmt":"2025-11-12T16:53:12","slug":"regionalausschuss-horn-hamm-borgfelde","status":"publish","type":"page","link":"https:\/\/www.cdu-fraktion-hamburg-mitte.de\/cms\/regionalausschuss-horn-hamm-borgfelde\/","title":{"rendered":"Regionalausschuss Horn\/Hamm\/Borgfelde"},"content":{"rendered":"\t\t<div data-elementor-type=\"wp-post\" data-elementor-id=\"10371\" class=\"elementor elementor-10371\" data-elementor-post-type=\"page\">\n\t\t\t\t\t\t<section class=\"elementor-section elementor-top-section elementor-element elementor-element-9f56edf elementor-section-full_width elementor-section-height-default elementor-section-height-default\" data-id=\"9f56edf\" data-element_type=\"section\" data-e-type=\"section\">\n\t\t\t\t\t\t<div class=\"elementor-container elementor-column-gap-default\">\n\t\t\t\t\t<div class=\"elementor-column elementor-col-100 elementor-top-column elementor-element elementor-element-d0d4c9b sc_layouts_column_icons_position_left\" data-id=\"d0d4c9b\" data-element_type=\"column\" data-e-type=\"column\">\n\t\t\t<div class=\"elementor-widget-wrap elementor-element-populated\">\n\t\t\t\t\t\t<div class=\"elementor-element elementor-element-35497f8 sc_fly_static elementor-widget elementor-widget-spacer\" data-id=\"35497f8\" data-element_type=\"widget\" data-e-type=\"widget\" data-widget_type=\"spacer.default\">\n\t\t\t\t<div class=\"elementor-widget-container\">\n\t\t\t\t\t\t\t<div class=\"elementor-spacer\">\n\t\t\t<div class=\"elementor-spacer-inner\"><\/div>\n\t\t<\/div>\n\t\t\t\t\t\t<\/div>\n\t\t\t\t<\/div>\n\t\t\t\t<div class=\"elementor-element elementor-element-4200979 elementor-widget__width-auto sc_fly_static elementor-widget elementor-widget-heading\" data-id=\"4200979\" data-element_type=\"widget\" data-e-type=\"widget\" data-widget_type=\"heading.default\">\n\t\t\t\t<div class=\"elementor-widget-container\">\n\t\t\t\t\t<h3 class=\"elementor-heading-title elementor-size-default\">Wir bewegen Hamburg-Mitte.<\/h3>\t\t\t\t<\/div>\n\t\t\t\t<\/div>\n\t\t\t\t<div class=\"elementor-element elementor-element-cdb3500 sc_fly_static elementor-widget elementor-widget-spacer\" data-id=\"cdb3500\" data-element_type=\"widget\" data-e-type=\"widget\" data-widget_type=\"spacer.default\">\n\t\t\t\t<div class=\"elementor-widget-container\">\n\t\t\t\t\t\t\t<div class=\"elementor-spacer\">\n\t\t\t<div class=\"elementor-spacer-inner\"><\/div>\n\t\t<\/div>\n\t\t\t\t\t\t<\/div>\n\t\t\t\t<\/div>\n\t\t\t\t\t<\/div>\n\t\t<\/div>\n\t\t\t\t\t<\/div>\n\t\t<\/section>\n\t\t\t\t<section class=\"elementor-section elementor-top-section elementor-element elementor-element-a6861b3 elementor-section-full_width elementor-section-height-default elementor-section-height-default\" data-id=\"a6861b3\" data-element_type=\"section\" data-e-type=\"section\">\n\t\t\t\t\t\t<div class=\"elementor-container elementor-column-gap-narrow\">\n\t\t\t\t\t<div class=\"elementor-column elementor-col-33 elementor-top-column elementor-element elementor-element-cdd3717 sc_layouts_column_icons_position_left\" data-id=\"cdd3717\" data-element_type=\"column\" data-e-type=\"column\">\n\t\t\t<div class=\"elementor-widget-wrap elementor-element-populated\">\n\t\t\t\t\t\t<div class=\"elementor-element elementor-element-bac3a00 sc_fly_static elementor-widget elementor-widget-tfteam\" data-id=\"bac3a00\" data-element_type=\"widget\" data-e-type=\"widget\" data-widget_type=\"tfteam.default\">\n\t\t\t\t<div class=\"elementor-widget-container\">\n\t\t\t\t\t\t\t<div class=\"tf-team style-1\">\r\n\t\t\t<div class=\"team-image\">\r\n\t\t\t\t<a href=\"https:\/\/www.cdu-fraktion-hamburg-mitte.de\/cms\/maik-holm\/\"   rel=&quot;nofollow&quot;>\r\n\t\t\t\t<img fetchpriority=\"high\" decoding=\"async\" width=\"740\" height=\"740\" src=\"https:\/\/www.cdu-fraktion-hamburg-mitte.de\/cms\/wp-content\/uploads\/2025\/11\/Holm_Maik_homepage-2025-740x740.jpg\" class=\"attachment-trx_addons-thumb-avatar-@retina size-trx_addons-thumb-avatar-@retina wp-image-14006\" alt=\"Maik Holm\" srcset=\"https:\/\/www.cdu-fraktion-hamburg-mitte.de\/cms\/wp-content\/uploads\/2025\/11\/Holm_Maik_homepage-2025-740x740.jpg 740w, https:\/\/www.cdu-fraktion-hamburg-mitte.de\/cms\/wp-content\/uploads\/2025\/11\/Holm_Maik_homepage-2025-640x640.jpg 640w, https:\/\/www.cdu-fraktion-hamburg-mitte.de\/cms\/wp-content\/uploads\/2025\/11\/Holm_Maik_homepage-2025-1280x1280.jpg 1280w, https:\/\/www.cdu-fraktion-hamburg-mitte.de\/cms\/wp-content\/uploads\/2025\/11\/Holm_Maik_homepage-2025-160x160.jpg 160w, https:\/\/www.cdu-fraktion-hamburg-mitte.de\/cms\/wp-content\/uploads\/2025\/11\/Holm_Maik_homepage-2025-768x768.jpg 768w, https:\/\/www.cdu-fraktion-hamburg-mitte.de\/cms\/wp-content\/uploads\/2025\/11\/Holm_Maik_homepage-2025-150x150.jpg 150w, https:\/\/www.cdu-fraktion-hamburg-mitte.de\/cms\/wp-content\/uploads\/2025\/11\/Holm_Maik_homepage-2025-70x70.jpg 70w, https:\/\/www.cdu-fraktion-hamburg-mitte.de\/cms\/wp-content\/uploads\/2025\/11\/Holm_Maik_homepage-2025-370x370.jpg 370w, https:\/\/www.cdu-fraktion-hamburg-mitte.de\/cms\/wp-content\/uploads\/2025\/11\/Holm_Maik_homepage-2025-90x90.jpg 90w, https:\/\/www.cdu-fraktion-hamburg-mitte.de\/cms\/wp-content\/uploads\/2025\/11\/Holm_Maik_homepage-2025-180x180.jpg 180w, https:\/\/www.cdu-fraktion-hamburg-mitte.de\/cms\/wp-content\/uploads\/2025\/11\/Holm_Maik_homepage-2025-760x760.jpg 760w, https:\/\/www.cdu-fraktion-hamburg-mitte.de\/cms\/wp-content\/uploads\/2025\/11\/Holm_Maik_homepage-2025-570x570.jpg 570w, https:\/\/www.cdu-fraktion-hamburg-mitte.de\/cms\/wp-content\/uploads\/2025\/11\/Holm_Maik_homepage-2025-1140x1140.jpg 1140w, https:\/\/www.cdu-fraktion-hamburg-mitte.de\/cms\/wp-content\/uploads\/2025\/11\/Holm_Maik_homepage-2025.jpg 1333w\" sizes=\"(max-width: 740px) 100vw, 740px\" \/>\t\t\t\t<div class=\"image-overlay \"><\/div>\r\n\t\t\t\t<\/a>\r\n\t\t\t\t\r\n\t\t\t\t\t\t\t\t\t\t\t\t\t\t\t\t<\/div>\r\n\t\t\t<div class=\"team-content \">\r\n\t\t\t\t\t\t\t\t\t<h3 class=\"team-name\">\r\n\t\t\t\t\t<a href=\"https:\/\/www.cdu-fraktion-hamburg-mitte.de\/cms\/maik-holm\/\"   rel=&quot;nofollow&quot;>Maik Holm<\/a>\r\n\t\t\t\t\t<\/h3>\r\n\t\t\t\t\t\t\t\t\t\t\t\t\t<div class=\"team-position\">Ausschussmitglied und Sprecher<\/div>\r\n\t\t\t\t\t\t\t\t\r\n\t\t\t\t\t\t\t\t\r\n\t\t\t\t\t\t\t\t\t\t\t\t\t\t\t<ul class=\"team-box-social\">\r\n\t\t\t\t\t\t\t\t\t\t\t\t\t\t\t\t<li><a href=\"https:\/\/www.cdu-fraktion-hamburg-mitte.de\/cms\/maik-holm\/\" class=\"social elementor-repeater-item-45ea084\">\r\n\t\t\t\t\t\t\t\t\t\t<i class=\"fas fa-link\"><\/i>\t\t\t\t\t\t\t\t\t<\/a><\/li>\r\n\t\t\t\t\t\t\t\t\t\t\t\t\t\t\t\t<li><a href=\"mailto:holm@cdu-fraktion-hamburg-mitte.de\" class=\"social elementor-repeater-item-90cfeb1\">\r\n\t\t\t\t\t\t\t\t\t\t<i class=\"fas fa-envelope\"><\/i>\t\t\t\t\t\t\t\t\t<\/a><\/li>\r\n\t\t\t\t\t\t\t\t\t\t\t\t\t<\/ul>\r\n\t\t\t\t\t\t\t\t\t\t\t\t<\/div>\r\n\t\t<\/div>\r\n\t\t\t\t\t\t<\/div>\n\t\t\t\t<\/div>\n\t\t\t\t\t<\/div>\n\t\t<\/div>\n\t\t\t\t<div class=\"elementor-column elementor-col-33 elementor-top-column elementor-element elementor-element-dad777d sc_layouts_column_icons_position_left\" data-id=\"dad777d\" data-element_type=\"column\" data-e-type=\"column\">\n\t\t\t<div class=\"elementor-widget-wrap elementor-element-populated\">\n\t\t\t\t\t\t<div class=\"elementor-element elementor-element-ae8509a sc_fly_static elementor-widget elementor-widget-tfteam\" data-id=\"ae8509a\" data-element_type=\"widget\" data-e-type=\"widget\" data-widget_type=\"tfteam.default\">\n\t\t\t\t<div class=\"elementor-widget-container\">\n\t\t\t\t\t\t\t<div class=\"tf-team style-1\">\r\n\t\t\t<div class=\"team-image\">\r\n\t\t\t\t<a href=\"https:\/\/www.cdu-fraktion-hamburg-mitte.de\/cms\/joseph-johannsen\/\"   rel=&quot;nofollow&quot;>\r\n\t\t\t\t<img decoding=\"async\" width=\"600\" height=\"600\" src=\"https:\/\/www.cdu-fraktion-hamburg-mitte.de\/cms\/wp-content\/uploads\/2024\/07\/Joseph-Johannsen_2.jpg\" class=\"attachment-trx_addons-thumb-avatar-@retina size-trx_addons-thumb-avatar-@retina wp-image-13474\" alt=\"Joseph Johannsen\" srcset=\"https:\/\/www.cdu-fraktion-hamburg-mitte.de\/cms\/wp-content\/uploads\/2024\/07\/Joseph-Johannsen_2.jpg 600w, https:\/\/www.cdu-fraktion-hamburg-mitte.de\/cms\/wp-content\/uploads\/2024\/07\/Joseph-Johannsen_2-160x160.jpg 160w, https:\/\/www.cdu-fraktion-hamburg-mitte.de\/cms\/wp-content\/uploads\/2024\/07\/Joseph-Johannsen_2-150x150.jpg 150w, https:\/\/www.cdu-fraktion-hamburg-mitte.de\/cms\/wp-content\/uploads\/2024\/07\/Joseph-Johannsen_2-70x70.jpg 70w, https:\/\/www.cdu-fraktion-hamburg-mitte.de\/cms\/wp-content\/uploads\/2024\/07\/Joseph-Johannsen_2-370x370.jpg 370w, https:\/\/www.cdu-fraktion-hamburg-mitte.de\/cms\/wp-content\/uploads\/2024\/07\/Joseph-Johannsen_2-90x90.jpg 90w, https:\/\/www.cdu-fraktion-hamburg-mitte.de\/cms\/wp-content\/uploads\/2024\/07\/Joseph-Johannsen_2-180x180.jpg 180w, https:\/\/www.cdu-fraktion-hamburg-mitte.de\/cms\/wp-content\/uploads\/2024\/07\/Joseph-Johannsen_2-570x570.jpg 570w\" sizes=\"(max-width: 600px) 100vw, 600px\" \/>\t\t\t\t<div class=\"image-overlay \"><\/div>\r\n\t\t\t\t<\/a>\r\n\t\t\t\t\r\n\t\t\t\t\t\t\t\t\t\t\t\t\t\t\t\t<\/div>\r\n\t\t\t<div class=\"team-content \">\r\n\t\t\t\t\t\t\t\t\t<h3 class=\"team-name\">\r\n\t\t\t\t\t<a href=\"https:\/\/www.cdu-fraktion-hamburg-mitte.de\/cms\/joseph-johannsen\/\"   rel=&quot;nofollow&quot;>Joseph Johannsen<\/a>\r\n\t\t\t\t\t<\/h3>\r\n\t\t\t\t\t\t\t\t\t\t\t\t\t<div class=\"team-position\">Ausschussmitglied<\/div>\r\n\t\t\t\t\t\t\t\t\r\n\t\t\t\t\t\t\t\t\r\n\t\t\t\t\t\t\t\t\t\t\t\t\t\t\t<ul class=\"team-box-social\">\r\n\t\t\t\t\t\t\t\t\t\t\t\t\t\t\t\t<li><a href=\"https:\/\/www.cdu-fraktion-hamburg-mitte.de\/cms\/joseph-johannsen\/\" class=\"social elementor-repeater-item-45ea084\">\r\n\t\t\t\t\t\t\t\t\t\t<i class=\"fas fa-link\"><\/i>\t\t\t\t\t\t\t\t\t<\/a><\/li>\r\n\t\t\t\t\t\t\t\t\t\t\t\t\t\t\t\t<li><a href=\"mailto:joseph.johannsen@cdu-fraktion-hamburg-mitte.de\" class=\"social elementor-repeater-item-90cfeb1\">\r\n\t\t\t\t\t\t\t\t\t\t<i class=\"fas fa-envelope\"><\/i>\t\t\t\t\t\t\t\t\t<\/a><\/li>\r\n\t\t\t\t\t\t\t\t\t\t\t\t\t<\/ul>\r\n\t\t\t\t\t\t\t\t\t\t\t\t<\/div>\r\n\t\t<\/div>\r\n\t\t\t\t\t\t<\/div>\n\t\t\t\t<\/div>\n\t\t\t\t\t<\/div>\n\t\t<\/div>\n\t\t\t\t<div class=\"elementor-column elementor-col-33 elementor-top-column elementor-element elementor-element-f523893 sc_layouts_column_icons_position_left\" data-id=\"f523893\" data-element_type=\"column\" data-e-type=\"column\">\n\t\t\t<div class=\"elementor-widget-wrap elementor-element-populated\">\n\t\t\t\t\t\t<div class=\"elementor-element elementor-element-57c99ac sc_fly_static elementor-widget elementor-widget-text-editor\" data-id=\"57c99ac\" data-element_type=\"widget\" data-e-type=\"widget\" data-widget_type=\"text-editor.default\">\n\t\t\t\t<div class=\"elementor-widget-container\">\n\t\t\t\t\t\t\t\t\t<p><span style=\"font-size: 12pt;\">Vertreter:<\/span><\/p><ul><li><span style=\"font-size: 12pt;\">Ronald Amtmann<\/span><\/li><li><p><span style=\"font-size: 12pt;\">Felix Kobel<\/span><\/p><\/li><\/ul>\t\t\t\t\t\t\t\t<\/div>\n\t\t\t\t<\/div>\n\t\t\t\t\t<\/div>\n\t\t<\/div>\n\t\t\t\t\t<\/div>\n\t\t<\/section>\n\t\t\t\t<section class=\"elementor-section elementor-top-section elementor-element elementor-element-30eb098 elementor-section-full_width elementor-section-height-default elementor-section-height-default\" data-id=\"30eb098\" data-element_type=\"section\" data-e-type=\"section\">\n\t\t\t\t\t\t<div class=\"elementor-container elementor-column-gap-narrow\">\n\t\t\t\t\t<div class=\"elementor-column elementor-col-100 elementor-top-column elementor-element elementor-element-4770b02 sc_layouts_column_icons_position_left\" data-id=\"4770b02\" data-element_type=\"column\" data-e-type=\"column\">\n\t\t\t<div class=\"elementor-widget-wrap elementor-element-populated\">\n\t\t\t\t\t\t<div class=\"elementor-element elementor-element-4b8c60b sc_fly_static elementor-widget elementor-widget-spacer\" data-id=\"4b8c60b\" data-element_type=\"widget\" data-e-type=\"widget\" data-widget_type=\"spacer.default\">\n\t\t\t\t<div class=\"elementor-widget-container\">\n\t\t\t\t\t\t\t<div class=\"elementor-spacer\">\n\t\t\t<div class=\"elementor-spacer-inner\"><\/div>\n\t\t<\/div>\n\t\t\t\t\t\t<\/div>\n\t\t\t\t<\/div>\n\t\t\t\t<div class=\"elementor-element elementor-element-845d108 elementor-grid-2 elementor-grid-tablet-2 elementor-grid-mobile-1 elementor-posts--thumbnail-top elementor-posts--show-avatar elementor-card-shadow-yes elementor-posts__hover-gradient sc_fly_static elementor-widget elementor-widget-posts\" data-id=\"845d108\" data-element_type=\"widget\" data-e-type=\"widget\" data-settings=\"{&quot;pagination_type&quot;:&quot;numbers&quot;,&quot;cards_columns&quot;:&quot;2&quot;,&quot;cards_row_gap&quot;:{&quot;unit&quot;:&quot;px&quot;,&quot;size&quot;:25,&quot;sizes&quot;:[]},&quot;cards_columns_tablet&quot;:&quot;2&quot;,&quot;cards_columns_mobile&quot;:&quot;1&quot;,&quot;cards_row_gap_tablet&quot;:{&quot;unit&quot;:&quot;px&quot;,&quot;size&quot;:&quot;&quot;,&quot;sizes&quot;:[]},&quot;cards_row_gap_mobile&quot;:{&quot;unit&quot;:&quot;px&quot;,&quot;size&quot;:&quot;&quot;,&quot;sizes&quot;:[]}}\" data-widget_type=\"posts.cards\">\n\t\t\t\t<div class=\"elementor-widget-container\">\n\t\t\t\t\t\t\t<div class=\"elementor-posts-container elementor-posts elementor-posts--skin-cards elementor-grid\" role=\"list\">\n\t\t\t\t<article class=\"elementor-post elementor-grid-item post-13997 post type-post status-publish format-standard has-post-thumbnail hentry category-aktuelles tag-boot-e-v tag-hamm tag-osterbrookplatz\" role=\"listitem\">\n\t\t\t<div class=\"elementor-post__card\">\n\t\t\t\t<a class=\"elementor-post__thumbnail__link\" href=\"https:\/\/www.cdu-fraktion-hamburg-mitte.de\/cms\/boot-e-v-bleibt-an-der-bille-standort-am-osterbrookplatz-gesichert\/\" tabindex=\"-1\" ><div class=\"elementor-post__thumbnail\"><img decoding=\"async\" width=\"362\" height=\"240\" src=\"https:\/\/www.cdu-fraktion-hamburg-mitte.de\/cms\/wp-content\/uploads\/2025\/11\/Kanu.jpg\" class=\"attachment-medium size-medium wp-image-13998\" alt=\"\" \/><\/div><\/a>\n\t\t\t\t<div class=\"elementor-post__badge\">Aktuelles<\/div>\n\t\t\t\t<div class=\"elementor-post__avatar\">\n\t\t\t<img data-del=\"avatar\" alt=\"fraktion\" src='https:\/\/www.cdu-fraktion-hamburg-mitte.de\/cms\/wp-content\/uploads\/2023\/11\/CDU-Logo-Avatar-150x150.png' class='avatar pp-user-avatar avatar-128 photo ' height='128' width='128'\/>\t\t<\/div>\n\t\t\t\t<div class=\"elementor-post__text\">\n\t\t\t\t<h3 class=\"elementor-post__title\">\n\t\t\t<a href=\"https:\/\/www.cdu-fraktion-hamburg-mitte.de\/cms\/boot-e-v-bleibt-an-der-bille-standort-am-osterbrookplatz-gesichert\/\" >\n\t\t\t\tBOOT e.V. bleibt an der Bille \u2013 Standort am Osterbrookplatz gesichert\t\t\t<\/a>\n\t\t<\/h3>\n\t\t\t\t<div class=\"elementor-post__excerpt\">\n\t\t\t<p>Das in der Nachbarschaft verwurzelte Kulturprojekt \u201eDas Boot\u201c hat seit 2016 einen Ort geschaffen, der f\u00fcr alle offen ist und<\/p>\n\t\t<\/div>\n\t\t\n\t\t<a class=\"elementor-post__read-more\" href=\"https:\/\/www.cdu-fraktion-hamburg-mitte.de\/cms\/boot-e-v-bleibt-an-der-bille-standort-am-osterbrookplatz-gesichert\/\" aria-label=\"Mehr \u00fcber BOOT e.V. bleibt an der Bille \u2013 Standort am Osterbrookplatz gesichert\" tabindex=\"-1\" >\n\t\t\tWeiterlesen \u00bb\t\t<\/a>\n\n\t\t\t\t<\/div>\n\t\t\t\t<div class=\"elementor-post__meta-data\">\n\t\t\t\t\t<span class=\"elementor-post-date\">\n\t\t\t12. November 2025\t\t<\/span>\n\t\t\t\t<\/div>\n\t\t\t\t\t<\/div>\n\t\t<\/article>\n\t\t\t\t<article class=\"elementor-post elementor-grid-item post-13970 post type-post status-publish format-standard has-post-thumbnail hentry category-aktuelles tag-carl-petersen-strasse tag-hamm\" role=\"listitem\">\n\t\t\t<div class=\"elementor-post__card\">\n\t\t\t\t<a class=\"elementor-post__thumbnail__link\" href=\"https:\/\/www.cdu-fraktion-hamburg-mitte.de\/cms\/hamm-neugestaltung-der-carl-petersen-strasse-zur-flaniermeile-abgeschlossen\/\" tabindex=\"-1\" ><div class=\"elementor-post__thumbnail\"><img loading=\"lazy\" decoding=\"async\" width=\"640\" height=\"853\" src=\"https:\/\/www.cdu-fraktion-hamburg-mitte.de\/cms\/wp-content\/uploads\/2025\/10\/Carl_Petersen_Strasse_Hom_Neubauer-640x853.jpeg\" class=\"attachment-medium size-medium wp-image-13971\" alt=\"\" srcset=\"https:\/\/www.cdu-fraktion-hamburg-mitte.de\/cms\/wp-content\/uploads\/2025\/10\/Carl_Petersen_Strasse_Hom_Neubauer-640x853.jpeg 640w, https:\/\/www.cdu-fraktion-hamburg-mitte.de\/cms\/wp-content\/uploads\/2025\/10\/Carl_Petersen_Strasse_Hom_Neubauer-370x493.jpeg 370w, https:\/\/www.cdu-fraktion-hamburg-mitte.de\/cms\/wp-content\/uploads\/2025\/10\/Carl_Petersen_Strasse_Hom_Neubauer-760x1013.jpeg 760w, https:\/\/www.cdu-fraktion-hamburg-mitte.de\/cms\/wp-content\/uploads\/2025\/10\/Carl_Petersen_Strasse_Hom_Neubauer-570x760.jpeg 570w, https:\/\/www.cdu-fraktion-hamburg-mitte.de\/cms\/wp-content\/uploads\/2025\/10\/Carl_Petersen_Strasse_Hom_Neubauer-740x986.jpeg 740w, https:\/\/www.cdu-fraktion-hamburg-mitte.de\/cms\/wp-content\/uploads\/2025\/10\/Carl_Petersen_Strasse_Hom_Neubauer.jpeg 768w\" sizes=\"(max-width: 640px) 100vw, 640px\" \/><\/div><\/a>\n\t\t\t\t<div class=\"elementor-post__badge\">Aktuelles<\/div>\n\t\t\t\t<div class=\"elementor-post__avatar\">\n\t\t\t<img data-del=\"avatar\" alt=\"fraktion\" src='https:\/\/www.cdu-fraktion-hamburg-mitte.de\/cms\/wp-content\/uploads\/2023\/11\/CDU-Logo-Avatar-150x150.png' class='avatar pp-user-avatar avatar-128 photo ' height='128' width='128'\/>\t\t<\/div>\n\t\t\t\t<div class=\"elementor-post__text\">\n\t\t\t\t<h3 class=\"elementor-post__title\">\n\t\t\t<a href=\"https:\/\/www.cdu-fraktion-hamburg-mitte.de\/cms\/hamm-neugestaltung-der-carl-petersen-strasse-zur-flaniermeile-abgeschlossen\/\" >\n\t\t\t\tHamm: Neugestaltung der Carl-Petersen-Stra\u00dfe zur Flaniermeile abgeschlossen\t\t\t<\/a>\n\t\t<\/h3>\n\t\t\t\t<div class=\"elementor-post__excerpt\">\n\t\t\t<p>Nach anderthalb Jahren Bauzeit ist die Carl-Petersen-Stra\u00dfe, die von kleinen Gesch\u00e4ften und Landenzeilen gepr\u00e4gt ist, fertiggestellt. Mehr Gr\u00fcn und 14<\/p>\n\t\t<\/div>\n\t\t\n\t\t<a class=\"elementor-post__read-more\" href=\"https:\/\/www.cdu-fraktion-hamburg-mitte.de\/cms\/hamm-neugestaltung-der-carl-petersen-strasse-zur-flaniermeile-abgeschlossen\/\" aria-label=\"Mehr \u00fcber Hamm: Neugestaltung der Carl-Petersen-Stra\u00dfe zur Flaniermeile abgeschlossen\" tabindex=\"-1\" >\n\t\t\tWeiterlesen \u00bb\t\t<\/a>\n\n\t\t\t\t<\/div>\n\t\t\t\t<div class=\"elementor-post__meta-data\">\n\t\t\t\t\t<span class=\"elementor-post-date\">\n\t\t\t16. Oktober 2025\t\t<\/span>\n\t\t\t\t<\/div>\n\t\t\t\t\t<\/div>\n\t\t<\/article>\n\t\t\t\t<article class=\"elementor-post elementor-grid-item post-13939 post type-post status-publish format-standard has-post-thumbnail hentry category-aktuelles tag-mitte-machen tag-billstedt tag-bolzplatz tag-gerd-imholz tag-hamburger-osten tag-hamm tag-havighorster-redder tag-horn tag-muemmelmannsberg tag-rothenburgsort\" role=\"listitem\">\n\t\t\t<div class=\"elementor-post__card\">\n\t\t\t\t<a class=\"elementor-post__thumbnail__link\" href=\"https:\/\/www.cdu-fraktion-hamburg-mitte.de\/cms\/startschuss-fuer-die-modernisierung-von-elf-bolzplaetzen-im-hamburger-osten-auftakt-bildet-der-bolzplatz-havighorster-redder\/\" tabindex=\"-1\" ><div class=\"elementor-post__thumbnail\"><img loading=\"lazy\" decoding=\"async\" width=\"640\" height=\"536\" src=\"https:\/\/www.cdu-fraktion-hamburg-mitte.de\/cms\/wp-content\/uploads\/2025\/08\/Gruppenbild-Spatenstich-Havighorster-Redder1-e1755783117811-640x536.jpg\" class=\"attachment-medium size-medium wp-image-13940\" alt=\"\" srcset=\"https:\/\/www.cdu-fraktion-hamburg-mitte.de\/cms\/wp-content\/uploads\/2025\/08\/Gruppenbild-Spatenstich-Havighorster-Redder1-e1755783117811-640x536.jpg 640w, https:\/\/www.cdu-fraktion-hamburg-mitte.de\/cms\/wp-content\/uploads\/2025\/08\/Gruppenbild-Spatenstich-Havighorster-Redder1-e1755783117811-1280x1073.jpg 1280w, https:\/\/www.cdu-fraktion-hamburg-mitte.de\/cms\/wp-content\/uploads\/2025\/08\/Gruppenbild-Spatenstich-Havighorster-Redder1-e1755783117811-768x644.jpg 768w, https:\/\/www.cdu-fraktion-hamburg-mitte.de\/cms\/wp-content\/uploads\/2025\/08\/Gruppenbild-Spatenstich-Havighorster-Redder1-e1755783117811-1536x1287.jpg 1536w, https:\/\/www.cdu-fraktion-hamburg-mitte.de\/cms\/wp-content\/uploads\/2025\/08\/Gruppenbild-Spatenstich-Havighorster-Redder1-e1755783117811-370x310.jpg 370w, https:\/\/www.cdu-fraktion-hamburg-mitte.de\/cms\/wp-content\/uploads\/2025\/08\/Gruppenbild-Spatenstich-Havighorster-Redder1-e1755783117811-760x637.jpg 760w, https:\/\/www.cdu-fraktion-hamburg-mitte.de\/cms\/wp-content\/uploads\/2025\/08\/Gruppenbild-Spatenstich-Havighorster-Redder1-e1755783117811-1520x1274.jpg 1520w, https:\/\/www.cdu-fraktion-hamburg-mitte.de\/cms\/wp-content\/uploads\/2025\/08\/Gruppenbild-Spatenstich-Havighorster-Redder1-e1755783117811-570x478.jpg 570w, https:\/\/www.cdu-fraktion-hamburg-mitte.de\/cms\/wp-content\/uploads\/2025\/08\/Gruppenbild-Spatenstich-Havighorster-Redder1-e1755783117811-1140x956.jpg 1140w, https:\/\/www.cdu-fraktion-hamburg-mitte.de\/cms\/wp-content\/uploads\/2025\/08\/Gruppenbild-Spatenstich-Havighorster-Redder1-e1755783117811.jpg 1780w\" sizes=\"(max-width: 640px) 100vw, 640px\" \/><\/div><\/a>\n\t\t\t\t<div class=\"elementor-post__badge\">Aktuelles<\/div>\n\t\t\t\t<div class=\"elementor-post__avatar\">\n\t\t\t<img data-del=\"avatar\" alt=\"fraktion\" src='https:\/\/www.cdu-fraktion-hamburg-mitte.de\/cms\/wp-content\/uploads\/2023\/11\/CDU-Logo-Avatar-150x150.png' class='avatar pp-user-avatar avatar-128 photo ' height='128' width='128'\/>\t\t<\/div>\n\t\t\t\t<div class=\"elementor-post__text\">\n\t\t\t\t<h3 class=\"elementor-post__title\">\n\t\t\t<a href=\"https:\/\/www.cdu-fraktion-hamburg-mitte.de\/cms\/startschuss-fuer-die-modernisierung-von-elf-bolzplaetzen-im-hamburger-osten-auftakt-bildet-der-bolzplatz-havighorster-redder\/\" >\n\t\t\t\tStartschuss f\u00fcr die Modernisierung von elf Bolzpl\u00e4tzen im Hamburger Osten | Auftakt bildet der Bolzplatz Havighorster Redder\t\t\t<\/a>\n\t\t<\/h3>\n\t\t\t\t<div class=\"elementor-post__excerpt\">\n\t\t\t<p>Im Rahmen des Modellvorhabens \u201eMitte machen\u201c werden insg. elf Bolzpl\u00e4tze im Hamburger Osten umfassend saniert. Mit einem Spatenstich fand heute<\/p>\n\t\t<\/div>\n\t\t\n\t\t<a class=\"elementor-post__read-more\" href=\"https:\/\/www.cdu-fraktion-hamburg-mitte.de\/cms\/startschuss-fuer-die-modernisierung-von-elf-bolzplaetzen-im-hamburger-osten-auftakt-bildet-der-bolzplatz-havighorster-redder\/\" aria-label=\"Mehr \u00fcber Startschuss f\u00fcr die Modernisierung von elf Bolzpl\u00e4tzen im Hamburger Osten | Auftakt bildet der Bolzplatz Havighorster Redder\" tabindex=\"-1\" >\n\t\t\tWeiterlesen \u00bb\t\t<\/a>\n\n\t\t\t\t<\/div>\n\t\t\t\t<div class=\"elementor-post__meta-data\">\n\t\t\t\t\t<span class=\"elementor-post-date\">\n\t\t\t21. August 2025\t\t<\/span>\n\t\t\t\t<\/div>\n\t\t\t\t\t<\/div>\n\t\t<\/article>\n\t\t\t\t<article class=\"elementor-post elementor-grid-item post-13398 post type-post status-publish format-standard has-post-thumbnail hentry category-pressemitteilung tag-bezirksversammlung tag-dr-gunter-boettcher tag-horn tag-horner-freiheit\" role=\"listitem\">\n\t\t\t<div class=\"elementor-post__card\">\n\t\t\t\t<a class=\"elementor-post__thumbnail__link\" href=\"https:\/\/www.cdu-fraktion-hamburg-mitte.de\/cms\/foerderung-der-horner-freiheit\/\" tabindex=\"-1\" ><div class=\"elementor-post__thumbnail\"><img loading=\"lazy\" decoding=\"async\" width=\"640\" height=\"640\" src=\"https:\/\/www.cdu-fraktion-hamburg-mitte.de\/cms\/wp-content\/uploads\/2021\/03\/190401_Kacheln-Kandidaten-BOETTCHER-min-640x640.jpg\" class=\"attachment-medium size-medium wp-image-10923\" alt=\"Dr. Gunter B\u00f6ttcher\" srcset=\"https:\/\/www.cdu-fraktion-hamburg-mitte.de\/cms\/wp-content\/uploads\/2021\/03\/190401_Kacheln-Kandidaten-BOETTCHER-min-640x640.jpg 640w, https:\/\/www.cdu-fraktion-hamburg-mitte.de\/cms\/wp-content\/uploads\/2021\/03\/190401_Kacheln-Kandidaten-BOETTCHER-min-1280x1280.jpg 1280w, https:\/\/www.cdu-fraktion-hamburg-mitte.de\/cms\/wp-content\/uploads\/2021\/03\/190401_Kacheln-Kandidaten-BOETTCHER-min-160x160.jpg 160w, https:\/\/www.cdu-fraktion-hamburg-mitte.de\/cms\/wp-content\/uploads\/2021\/03\/190401_Kacheln-Kandidaten-BOETTCHER-min-768x768.jpg 768w, https:\/\/www.cdu-fraktion-hamburg-mitte.de\/cms\/wp-content\/uploads\/2021\/03\/190401_Kacheln-Kandidaten-BOETTCHER-min-150x150.jpg 150w, https:\/\/www.cdu-fraktion-hamburg-mitte.de\/cms\/wp-content\/uploads\/2021\/03\/190401_Kacheln-Kandidaten-BOETTCHER-min-70x70.jpg 70w, https:\/\/www.cdu-fraktion-hamburg-mitte.de\/cms\/wp-content\/uploads\/2021\/03\/190401_Kacheln-Kandidaten-BOETTCHER-min-370x370.jpg 370w, https:\/\/www.cdu-fraktion-hamburg-mitte.de\/cms\/wp-content\/uploads\/2021\/03\/190401_Kacheln-Kandidaten-BOETTCHER-min-90x90.jpg 90w, https:\/\/www.cdu-fraktion-hamburg-mitte.de\/cms\/wp-content\/uploads\/2021\/03\/190401_Kacheln-Kandidaten-BOETTCHER-min-180x180.jpg 180w, https:\/\/www.cdu-fraktion-hamburg-mitte.de\/cms\/wp-content\/uploads\/2021\/03\/190401_Kacheln-Kandidaten-BOETTCHER-min-760x760.jpg 760w, https:\/\/www.cdu-fraktion-hamburg-mitte.de\/cms\/wp-content\/uploads\/2021\/03\/190401_Kacheln-Kandidaten-BOETTCHER-min-570x570.jpg 570w, https:\/\/www.cdu-fraktion-hamburg-mitte.de\/cms\/wp-content\/uploads\/2021\/03\/190401_Kacheln-Kandidaten-BOETTCHER-min-1140x1140.jpg 1140w, https:\/\/www.cdu-fraktion-hamburg-mitte.de\/cms\/wp-content\/uploads\/2021\/03\/190401_Kacheln-Kandidaten-BOETTCHER-min-740x740.jpg 740w, https:\/\/www.cdu-fraktion-hamburg-mitte.de\/cms\/wp-content\/uploads\/2021\/03\/190401_Kacheln-Kandidaten-BOETTCHER-min.jpg 1333w\" sizes=\"(max-width: 640px) 100vw, 640px\" \/><\/div><\/a>\n\t\t\t\t<div class=\"elementor-post__badge\">Pressemitteilungen<\/div>\n\t\t\t\t<div class=\"elementor-post__avatar\">\n\t\t\t<img data-del=\"avatar\" alt=\"CDU Bezirksfraktion Hamburg-Mitte\" src='https:\/\/www.cdu-fraktion-hamburg-mitte.de\/cms\/wp-content\/uploads\/2023\/11\/CDU-Logo-Avatar-150x150.png' class='avatar pp-user-avatar avatar-128 photo ' height='128' width='128'\/>\t\t<\/div>\n\t\t\t\t<div class=\"elementor-post__text\">\n\t\t\t\t<h3 class=\"elementor-post__title\">\n\t\t\t<a href=\"https:\/\/www.cdu-fraktion-hamburg-mitte.de\/cms\/foerderung-der-horner-freiheit\/\" >\n\t\t\t\tF\u00f6rderung der Horner Freiheit\t\t\t<\/a>\n\t\t<\/h3>\n\t\t\t\t<div class=\"elementor-post__excerpt\">\n\t\t\t<p>Die Bezirkskoalition aus CDU, SPD und FDP sichert die Finanzierung der Horner Freiheit f\u00fcr 2023 in H\u00f6he von 30.000\u20ac. Als<\/p>\n\t\t<\/div>\n\t\t\n\t\t<a class=\"elementor-post__read-more\" href=\"https:\/\/www.cdu-fraktion-hamburg-mitte.de\/cms\/foerderung-der-horner-freiheit\/\" aria-label=\"Mehr \u00fcber F\u00f6rderung der Horner Freiheit\" tabindex=\"-1\" >\n\t\t\tWeiterlesen \u00bb\t\t<\/a>\n\n\t\t\t\t<\/div>\n\t\t\t\t<div class=\"elementor-post__meta-data\">\n\t\t\t\t\t<span class=\"elementor-post-date\">\n\t\t\t7. Dezember 2023\t\t<\/span>\n\t\t\t\t<\/div>\n\t\t\t\t\t<\/div>\n\t\t<\/article>\n\t\t\t\t<article class=\"elementor-post elementor-grid-item post-12997 post type-post status-publish format-standard has-post-thumbnail hentry category-allgemein tag-billstedt tag-horn tag-legienstrasse tag-sportplatz\" role=\"listitem\">\n\t\t\t<div class=\"elementor-post__card\">\n\t\t\t\t<a class=\"elementor-post__thumbnail__link\" href=\"https:\/\/www.cdu-fraktion-hamburg-mitte.de\/cms\/mehr-sport-und-bewegungsmoeglichkeiten-fuer-billstedt-horn\/\" tabindex=\"-1\" ><div class=\"elementor-post__thumbnail\"><img loading=\"lazy\" decoding=\"async\" width=\"640\" height=\"853\" src=\"https:\/\/www.cdu-fraktion-hamburg-mitte.de\/cms\/wp-content\/uploads\/2023\/11\/Spatenstich-Legienstr-640x853.jpeg\" class=\"attachment-medium size-medium wp-image-12998\" alt=\"\" srcset=\"https:\/\/www.cdu-fraktion-hamburg-mitte.de\/cms\/wp-content\/uploads\/2023\/11\/Spatenstich-Legienstr-640x853.jpeg 640w, https:\/\/www.cdu-fraktion-hamburg-mitte.de\/cms\/wp-content\/uploads\/2023\/11\/Spatenstich-Legienstr-1280x1707.jpeg 1280w, https:\/\/www.cdu-fraktion-hamburg-mitte.de\/cms\/wp-content\/uploads\/2023\/11\/Spatenstich-Legienstr-768x1024.jpeg 768w, https:\/\/www.cdu-fraktion-hamburg-mitte.de\/cms\/wp-content\/uploads\/2023\/11\/Spatenstich-Legienstr-1152x1536.jpeg 1152w, https:\/\/www.cdu-fraktion-hamburg-mitte.de\/cms\/wp-content\/uploads\/2023\/11\/Spatenstich-Legienstr-1536x2048.jpeg 1536w, https:\/\/www.cdu-fraktion-hamburg-mitte.de\/cms\/wp-content\/uploads\/2023\/11\/Spatenstich-Legienstr-370x493.jpeg 370w, https:\/\/www.cdu-fraktion-hamburg-mitte.de\/cms\/wp-content\/uploads\/2023\/11\/Spatenstich-Legienstr-760x1013.jpeg 760w, https:\/\/www.cdu-fraktion-hamburg-mitte.de\/cms\/wp-content\/uploads\/2023\/11\/Spatenstich-Legienstr-1520x2027.jpeg 1520w, https:\/\/www.cdu-fraktion-hamburg-mitte.de\/cms\/wp-content\/uploads\/2023\/11\/Spatenstich-Legienstr-570x760.jpeg 570w, https:\/\/www.cdu-fraktion-hamburg-mitte.de\/cms\/wp-content\/uploads\/2023\/11\/Spatenstich-Legienstr-1140x1520.jpeg 1140w, https:\/\/www.cdu-fraktion-hamburg-mitte.de\/cms\/wp-content\/uploads\/2023\/11\/Spatenstich-Legienstr-740x986.jpeg 740w, https:\/\/www.cdu-fraktion-hamburg-mitte.de\/cms\/wp-content\/uploads\/2023\/11\/Spatenstich-Legienstr-scaled.jpeg 1920w\" sizes=\"(max-width: 640px) 100vw, 640px\" \/><\/div><\/a>\n\t\t\t\t<div class=\"elementor-post__badge\">Allgemein<\/div>\n\t\t\t\t<div class=\"elementor-post__avatar\">\n\t\t\t<img data-del=\"avatar\" alt=\"CDU Bezirksfraktion Hamburg-Mitte\" src='https:\/\/www.cdu-fraktion-hamburg-mitte.de\/cms\/wp-content\/uploads\/2023\/11\/CDU-Logo-Avatar-150x150.png' class='avatar pp-user-avatar avatar-128 photo ' height='128' width='128'\/>\t\t<\/div>\n\t\t\t\t<div class=\"elementor-post__text\">\n\t\t\t\t<h3 class=\"elementor-post__title\">\n\t\t\t<a href=\"https:\/\/www.cdu-fraktion-hamburg-mitte.de\/cms\/mehr-sport-und-bewegungsmoeglichkeiten-fuer-billstedt-horn\/\" >\n\t\t\t\tMehr Sport- und Bewegungsm\u00f6glichkeiten f\u00fcr Billstedt\/Horn\t\t\t<\/a>\n\t\t<\/h3>\n\t\t\t\t<div class=\"elementor-post__excerpt\">\n\t\t\t<p>Der Spatenstich Sportplatz Legienstra\u00dfe l\u00e4utete den Baubeginn f\u00fcr ein hochmodernes Kunststoffrasenspielfeld ein. In einem weiteren Schritt soll zudem eine \u00f6ffentlich<\/p>\n\t\t<\/div>\n\t\t\n\t\t<a class=\"elementor-post__read-more\" href=\"https:\/\/www.cdu-fraktion-hamburg-mitte.de\/cms\/mehr-sport-und-bewegungsmoeglichkeiten-fuer-billstedt-horn\/\" aria-label=\"Mehr \u00fcber Mehr Sport- und Bewegungsm\u00f6glichkeiten f\u00fcr Billstedt\/Horn\" tabindex=\"-1\" >\n\t\t\tWeiterlesen \u00bb\t\t<\/a>\n\n\t\t\t\t<\/div>\n\t\t\t\t<div class=\"elementor-post__meta-data\">\n\t\t\t\t\t<span class=\"elementor-post-date\">\n\t\t\t9. November 2023\t\t<\/span>\n\t\t\t\t<\/div>\n\t\t\t\t\t<\/div>\n\t\t<\/article>\n\t\t\t\t<article class=\"elementor-post elementor-grid-item post-12846 post type-post status-publish format-standard hentry category-antrage category-horn-hamm-borgfelde category-initiativen category-sozialraumentwicklung-initiativen tag-hamm tag-kinder tag-wochenmarkt\" role=\"listitem\">\n\t\t\t<div class=\"elementor-post__card\">\n\t\t\t\t<div class=\"elementor-post__text\">\n\t\t\t\t<h3 class=\"elementor-post__title\">\n\t\t\t<a href=\"https:\/\/www.cdu-fraktion-hamburg-mitte.de\/cms\/kinderfest-auf-dem-hammer-abendmarkt-unterstuetzen\/\" >\n\t\t\t\tKinderfest auf dem Hammer Abendmarkt unterst\u00fctzen\t\t\t<\/a>\n\t\t<\/h3>\n\t\t\t\t<div class=\"elementor-post__excerpt\">\n\t\t\t<p>Trotz ihrer Bedeutung und historischer Bez\u00fcge stehen Wochenm\u00e4rkte auch in Hamburg-Mitte vor gro\u00dfen Herausforderungen. Der Wettbewerbsdruck durch Superm\u00e4rkte und auch<\/p>\n\t\t<\/div>\n\t\t\n\t\t<a class=\"elementor-post__read-more\" href=\"https:\/\/www.cdu-fraktion-hamburg-mitte.de\/cms\/kinderfest-auf-dem-hammer-abendmarkt-unterstuetzen\/\" aria-label=\"Mehr \u00fcber Kinderfest auf dem Hammer Abendmarkt unterst\u00fctzen\" tabindex=\"-1\" >\n\t\t\tWeiterlesen \u00bb\t\t<\/a>\n\n\t\t\t\t<\/div>\n\t\t\t\t<div class=\"elementor-post__meta-data\">\n\t\t\t\t\t<span class=\"elementor-post-date\">\n\t\t\t23. M\u00e4rz 2023\t\t<\/span>\n\t\t\t\t<\/div>\n\t\t\t\t\t<\/div>\n\t\t<\/article>\n\t\t\t\t<\/div>\n\t\t\n\t\t\t\t<div class=\"e-load-more-anchor\" data-page=\"1\" data-max-page=\"3\" data-next-page=\"https:\/\/www.cdu-fraktion-hamburg-mitte.de\/cms\/wp-json\/wp\/v2\/pages\/10371\/page\/2\/\"><\/div>\n\t\t\t\t<nav class=\"elementor-pagination\" aria-label=\"Seitennummerierung\">\n\t\t\t<span aria-current=\"page\" class=\"page-numbers current\"><span class=\"elementor-screen-only\">Seite<\/span>1<\/span>\n<a class=\"page-numbers\" href=\"https:\/\/www.cdu-fraktion-hamburg-mitte.de\/cms\/wp-json\/wp\/v2\/pages\/10371\/page\/2\/\"><span class=\"elementor-screen-only\">Seite<\/span>2<\/a>\n<a class=\"page-numbers\" href=\"https:\/\/www.cdu-fraktion-hamburg-mitte.de\/cms\/wp-json\/wp\/v2\/pages\/10371\/page\/3\/\"><span class=\"elementor-screen-only\">Seite<\/span>3<\/a>\t\t<\/nav>\n\t\t\t\t\t\t<\/div>\n\t\t\t\t<\/div>\n\t\t\t\t<div class=\"elementor-element elementor-element-9847f18 sc_fly_static elementor-widget elementor-widget-spacer\" data-id=\"9847f18\" data-element_type=\"widget\" data-e-type=\"widget\" data-widget_type=\"spacer.default\">\n\t\t\t\t<div class=\"elementor-widget-container\">\n\t\t\t\t\t\t\t<div class=\"elementor-spacer\">\n\t\t\t<div class=\"elementor-spacer-inner\"><\/div>\n\t\t<\/div>\n\t\t\t\t\t\t<\/div>\n\t\t\t\t<\/div>\n\t\t\t\t\t<\/div>\n\t\t<\/div>\n\t\t\t\t\t<\/div>\n\t\t<\/section>\n\t\t\t\t<section class=\"elementor-section elementor-top-section elementor-element elementor-element-c9b13a3 elementor-section-boxed elementor-section-height-default elementor-section-height-default\" data-id=\"c9b13a3\" data-element_type=\"section\" data-e-type=\"section\">\n\t\t\t\t\t\t<div class=\"elementor-container elementor-column-gap-extended\">\n\t\t\t\t\t<div class=\"elementor-column elementor-col-25 elementor-top-column elementor-element elementor-element-4586c92 sc_layouts_column_icons_position_left\" data-id=\"4586c92\" data-element_type=\"column\" data-e-type=\"column\">\n\t\t\t<div class=\"elementor-widget-wrap elementor-element-populated\">\n\t\t\t\t\t\t<div class=\"elementor-element elementor-element-4a02538 elementor-view-stacked elementor-shape-circle elementor-position-block-start elementor-mobile-position-block-start sc_fly_static elementor-widget elementor-widget-icon-box\" data-id=\"4a02538\" data-element_type=\"widget\" data-e-type=\"widget\" data-widget_type=\"icon-box.default\">\n\t\t\t\t<div class=\"elementor-widget-container\">\n\t\t\t\t\t\t\t<div class=\"elementor-icon-box-wrapper\">\n\n\t\t\t\t\t\t<div class=\"elementor-icon-box-icon\">\n\t\t\t\t<a href=\"https:\/\/www.cdu-fraktion-hamburg-mitte.de\/cms\/regionalausschuss-finkenwerder\/\" class=\"elementor-icon\" tabindex=\"-1\" aria-label=\"Finkenwerder\">\n\t\t\t\t<svg xmlns=\"http:\/\/www.w3.org\/2000\/svg\" xmlns:xlink=\"http:\/\/www.w3.org\/1999\/xlink\" id=\"_x33_3_x5F_green_x5F_energy_x5F_source\" x=\"0px\" y=\"0px\" viewBox=\"0 0 64 64\" style=\"enable-background:new 0 0 64 64;\" xml:space=\"preserve\"><style type=\"text\/css\">\t.st0{fill:none;stroke:#FFFFFF;stroke-width:2;stroke-miterlimit:10;}\t.st1{fill:none;stroke:#FFFFFF;stroke-width:2;stroke-linecap:round;stroke-miterlimit:10;}\t.st2{fill:none;stroke:#FFFFFF;stroke-width:2;stroke-linecap:round;stroke-linejoin:round;stroke-miterlimit:10;}<\/style><g>\t<g>\t\t<g>\t\t\t<g>\t\t\t\t<line class=\"st0\" x1=\"22\" y1=\"19\" x2=\"42\" y2=\"19\"><\/line>\t\t\t\t<polyline class=\"st1\" points=\"55,33 52,36 52,38 48,42     \"><\/polyline>\t\t\t\t<path class=\"st1\" d=\"M31,42l11,11c0,0,1,1,2,1c1.7,0,3-1.3,3-3c0-1-1-2-1-2L35,38\"><\/path>\t\t\t\t<path class=\"st1\" d=\"M41,52c0,0,1,1,1,2c0,1.7-1.3,3-3,3c-1,0-2-1-2-1L27,46\"><\/path>\t\t\t\t<path class=\"st1\" d=\"M35,54c0,0,1,1,1,2c0,1.7-1.3,3-3,3c-1,0-2-1-2-1L13,40v-3l-4-4\"><\/path>\t\t\t\t<path class=\"st1\" d=\"M18,46c0,0-1,1-2,1c-1.7,0-3-1.3-3-3c0-1,1-2,1-2\"><\/path>\t\t\t\t<path class=\"st1\" d=\"M22,50c0,0-1,1-2,1c-1.7,0-3-1.3-3-3c0-1,1-2,1-2\"><\/path>\t\t\t\t<path class=\"st1\" d=\"M26,54c0,0-1,1-2,1c-1.7,0-3-1.3-3-3c0-1,1-2,1-2\"><\/path>\t\t\t\t<path class=\"st1\" d=\"M30,58c0,0-1,1-2,1c-1.7,0-3-1.3-3-3c0-1,1-2,1-2\"><\/path>\t\t\t\t<path class=\"st1\" d=\"M29,19l-6,6c0,0-1,1-1,2c0,1.7,1.3,3,3,3c1,0,2-1,2-1l5-5h3v6l13,13c0,0,1,1,1,2c0,1.7-1.3,3-3,3      c-1,0-2-1-2-1\"><\/path>\t\t\t\t<path class=\"st0\" d=\"M43,29c0,1.7-1.3,3-3,3h-3\"><\/path>\t\t\t\t<polyline class=\"st2\" points=\"63,28 58,33 56,33 40,17 40,15 50,5     \"><\/polyline>\t\t\t\t<polyline class=\"st2\" points=\"1,28 6,33 8,33 24,17 24,15 14,5     \"><\/polyline>\t\t\t\t<line class=\"st1\" x1=\"57\" y1=\"26\" x2=\"59\" y2=\"24\"><\/line>\t\t\t\t<line class=\"st1\" x1=\"5\" y1=\"24\" x2=\"7\" y2=\"26\"><\/line>\t\t\t<\/g>\t\t\t<path class=\"st1\" d=\"M28,45\"><\/path>\t\t\t<path class=\"st1\" d=\"M26,47\"><\/path>\t\t<\/g>\t<\/g><\/g><\/svg>\t\t\t\t<\/a>\n\t\t\t<\/div>\n\t\t\t\n\t\t\t\t\t\t<div class=\"elementor-icon-box-content\">\n\n\t\t\t\t\t\t\t\t\t<h3 class=\"elementor-icon-box-title\">\n\t\t\t\t\t\t<a href=\"https:\/\/www.cdu-fraktion-hamburg-mitte.de\/cms\/regionalausschuss-finkenwerder\/\" >\n\t\t\t\t\t\t\tFinkenwerder\t\t\t\t\t\t<\/a>\n\t\t\t\t\t<\/h3>\n\t\t\t\t\n\t\t\t\t\n\t\t\t<\/div>\n\t\t\t\n\t\t<\/div>\n\t\t\t\t\t\t<\/div>\n\t\t\t\t<\/div>\n\t\t\t\t<div class=\"elementor-element elementor-element-918d8b5 sc_fly_static elementor-widget elementor-widget-spacer\" data-id=\"918d8b5\" data-element_type=\"widget\" data-e-type=\"widget\" data-widget_type=\"spacer.default\">\n\t\t\t\t<div class=\"elementor-widget-container\">\n\t\t\t\t\t\t\t<div class=\"elementor-spacer\">\n\t\t\t<div class=\"elementor-spacer-inner\"><\/div>\n\t\t<\/div>\n\t\t\t\t\t\t<\/div>\n\t\t\t\t<\/div>\n\t\t\t\t\t<\/div>\n\t\t<\/div>\n\t\t\t\t<div class=\"elementor-column elementor-col-25 elementor-top-column elementor-element elementor-element-2257406 sc_layouts_column_icons_position_left\" data-id=\"2257406\" data-element_type=\"column\" data-e-type=\"column\">\n\t\t\t<div class=\"elementor-widget-wrap elementor-element-populated\">\n\t\t\t\t\t\t<div class=\"elementor-element elementor-element-6b224f5 elementor-view-stacked elementor-shape-circle elementor-position-block-start elementor-mobile-position-block-start sc_fly_static elementor-widget elementor-widget-icon-box\" data-id=\"6b224f5\" data-element_type=\"widget\" data-e-type=\"widget\" data-widget_type=\"icon-box.default\">\n\t\t\t\t<div class=\"elementor-widget-container\">\n\t\t\t\t\t\t\t<div class=\"elementor-icon-box-wrapper\">\n\n\t\t\t\t\t\t<div class=\"elementor-icon-box-icon\">\n\t\t\t\t<a href=\"https:\/\/www.cdu-fraktion-hamburg-mitte.de\/cms\/regionalausschuss-wilhelmsburg-veddel\/\" class=\"elementor-icon\" tabindex=\"-1\" aria-label=\"Wilhelmsburg\/Veddel\">\n\t\t\t\t<svg xmlns=\"http:\/\/www.w3.org\/2000\/svg\" xmlns:xlink=\"http:\/\/www.w3.org\/1999\/xlink\" id=\"_x33_3_x5F_green_x5F_energy_x5F_source\" x=\"0px\" y=\"0px\" viewBox=\"0 0 64 64\" style=\"enable-background:new 0 0 64 64;\" xml:space=\"preserve\"><style type=\"text\/css\">\t.st0{fill:none;stroke:#FFFFFF;stroke-width:2;stroke-miterlimit:10;}\t.st1{fill:none;stroke:#FFFFFF;stroke-width:2;stroke-linecap:round;stroke-miterlimit:10;}\t.st2{fill:none;stroke:#FFFFFF;stroke-width:2;stroke-linecap:round;stroke-linejoin:round;stroke-miterlimit:10;}<\/style><g>\t<g>\t\t<g>\t\t\t<g>\t\t\t\t<line class=\"st0\" x1=\"22\" y1=\"19\" x2=\"42\" y2=\"19\"><\/line>\t\t\t\t<polyline class=\"st1\" points=\"55,33 52,36 52,38 48,42     \"><\/polyline>\t\t\t\t<path class=\"st1\" d=\"M31,42l11,11c0,0,1,1,2,1c1.7,0,3-1.3,3-3c0-1-1-2-1-2L35,38\"><\/path>\t\t\t\t<path class=\"st1\" d=\"M41,52c0,0,1,1,1,2c0,1.7-1.3,3-3,3c-1,0-2-1-2-1L27,46\"><\/path>\t\t\t\t<path class=\"st1\" d=\"M35,54c0,0,1,1,1,2c0,1.7-1.3,3-3,3c-1,0-2-1-2-1L13,40v-3l-4-4\"><\/path>\t\t\t\t<path class=\"st1\" d=\"M18,46c0,0-1,1-2,1c-1.7,0-3-1.3-3-3c0-1,1-2,1-2\"><\/path>\t\t\t\t<path class=\"st1\" d=\"M22,50c0,0-1,1-2,1c-1.7,0-3-1.3-3-3c0-1,1-2,1-2\"><\/path>\t\t\t\t<path class=\"st1\" d=\"M26,54c0,0-1,1-2,1c-1.7,0-3-1.3-3-3c0-1,1-2,1-2\"><\/path>\t\t\t\t<path class=\"st1\" d=\"M30,58c0,0-1,1-2,1c-1.7,0-3-1.3-3-3c0-1,1-2,1-2\"><\/path>\t\t\t\t<path class=\"st1\" d=\"M29,19l-6,6c0,0-1,1-1,2c0,1.7,1.3,3,3,3c1,0,2-1,2-1l5-5h3v6l13,13c0,0,1,1,1,2c0,1.7-1.3,3-3,3      c-1,0-2-1-2-1\"><\/path>\t\t\t\t<path class=\"st0\" d=\"M43,29c0,1.7-1.3,3-3,3h-3\"><\/path>\t\t\t\t<polyline class=\"st2\" points=\"63,28 58,33 56,33 40,17 40,15 50,5     \"><\/polyline>\t\t\t\t<polyline class=\"st2\" points=\"1,28 6,33 8,33 24,17 24,15 14,5     \"><\/polyline>\t\t\t\t<line class=\"st1\" x1=\"57\" y1=\"26\" x2=\"59\" y2=\"24\"><\/line>\t\t\t\t<line class=\"st1\" x1=\"5\" y1=\"24\" x2=\"7\" y2=\"26\"><\/line>\t\t\t<\/g>\t\t\t<path class=\"st1\" d=\"M28,45\"><\/path>\t\t\t<path class=\"st1\" d=\"M26,47\"><\/path>\t\t<\/g>\t<\/g><\/g><\/svg>\t\t\t\t<\/a>\n\t\t\t<\/div>\n\t\t\t\n\t\t\t\t\t\t<div class=\"elementor-icon-box-content\">\n\n\t\t\t\t\t\t\t\t\t<h3 class=\"elementor-icon-box-title\">\n\t\t\t\t\t\t<a href=\"https:\/\/www.cdu-fraktion-hamburg-mitte.de\/cms\/regionalausschuss-wilhelmsburg-veddel\/\" >\n\t\t\t\t\t\t\tWilhelmsburg\/Veddel\t\t\t\t\t\t<\/a>\n\t\t\t\t\t<\/h3>\n\t\t\t\t\n\t\t\t\t\n\t\t\t<\/div>\n\t\t\t\n\t\t<\/div>\n\t\t\t\t\t\t<\/div>\n\t\t\t\t<\/div>\n\t\t\t\t<div class=\"elementor-element elementor-element-1ba069b sc_fly_static elementor-widget elementor-widget-spacer\" data-id=\"1ba069b\" data-element_type=\"widget\" data-e-type=\"widget\" data-widget_type=\"spacer.default\">\n\t\t\t\t<div class=\"elementor-widget-container\">\n\t\t\t\t\t\t\t<div class=\"elementor-spacer\">\n\t\t\t<div class=\"elementor-spacer-inner\"><\/div>\n\t\t<\/div>\n\t\t\t\t\t\t<\/div>\n\t\t\t\t<\/div>\n\t\t\t\t\t<\/div>\n\t\t<\/div>\n\t\t\t\t<div class=\"elementor-column elementor-col-25 elementor-top-column elementor-element elementor-element-e1337a4 sc_layouts_column_icons_position_left\" data-id=\"e1337a4\" data-element_type=\"column\" data-e-type=\"column\">\n\t\t\t<div class=\"elementor-widget-wrap elementor-element-populated\">\n\t\t\t\t\t\t<div class=\"elementor-element elementor-element-97bd61b elementor-view-stacked elementor-shape-circle elementor-position-block-start elementor-mobile-position-block-start sc_fly_static elementor-widget elementor-widget-icon-box\" data-id=\"97bd61b\" data-element_type=\"widget\" data-e-type=\"widget\" data-widget_type=\"icon-box.default\">\n\t\t\t\t<div class=\"elementor-widget-container\">\n\t\t\t\t\t\t\t<div class=\"elementor-icon-box-wrapper\">\n\n\t\t\t\t\t\t<div class=\"elementor-icon-box-icon\">\n\t\t\t\t<a href=\"https:\/\/www.cdu-fraktion-hamburg-mitte.de\/cms\/regionalausschuss-billstedt\/\" class=\"elementor-icon\" tabindex=\"-1\" aria-label=\"Billstedt\">\n\t\t\t\t<svg xmlns=\"http:\/\/www.w3.org\/2000\/svg\" xmlns:xlink=\"http:\/\/www.w3.org\/1999\/xlink\" id=\"_x33_3_x5F_green_x5F_energy_x5F_source\" x=\"0px\" y=\"0px\" viewBox=\"0 0 64 64\" style=\"enable-background:new 0 0 64 64;\" xml:space=\"preserve\"><style type=\"text\/css\">\t.st0{fill:none;stroke:#FFFFFF;stroke-width:2;stroke-miterlimit:10;}\t.st1{fill:none;stroke:#FFFFFF;stroke-width:2;stroke-linecap:round;stroke-miterlimit:10;}\t.st2{fill:none;stroke:#FFFFFF;stroke-width:2;stroke-linecap:round;stroke-linejoin:round;stroke-miterlimit:10;}<\/style><g>\t<g>\t\t<g>\t\t\t<g>\t\t\t\t<line class=\"st0\" x1=\"22\" y1=\"19\" x2=\"42\" y2=\"19\"><\/line>\t\t\t\t<polyline class=\"st1\" points=\"55,33 52,36 52,38 48,42     \"><\/polyline>\t\t\t\t<path class=\"st1\" d=\"M31,42l11,11c0,0,1,1,2,1c1.7,0,3-1.3,3-3c0-1-1-2-1-2L35,38\"><\/path>\t\t\t\t<path class=\"st1\" d=\"M41,52c0,0,1,1,1,2c0,1.7-1.3,3-3,3c-1,0-2-1-2-1L27,46\"><\/path>\t\t\t\t<path class=\"st1\" d=\"M35,54c0,0,1,1,1,2c0,1.7-1.3,3-3,3c-1,0-2-1-2-1L13,40v-3l-4-4\"><\/path>\t\t\t\t<path class=\"st1\" d=\"M18,46c0,0-1,1-2,1c-1.7,0-3-1.3-3-3c0-1,1-2,1-2\"><\/path>\t\t\t\t<path class=\"st1\" d=\"M22,50c0,0-1,1-2,1c-1.7,0-3-1.3-3-3c0-1,1-2,1-2\"><\/path>\t\t\t\t<path class=\"st1\" d=\"M26,54c0,0-1,1-2,1c-1.7,0-3-1.3-3-3c0-1,1-2,1-2\"><\/path>\t\t\t\t<path class=\"st1\" d=\"M30,58c0,0-1,1-2,1c-1.7,0-3-1.3-3-3c0-1,1-2,1-2\"><\/path>\t\t\t\t<path class=\"st1\" d=\"M29,19l-6,6c0,0-1,1-1,2c0,1.7,1.3,3,3,3c1,0,2-1,2-1l5-5h3v6l13,13c0,0,1,1,1,2c0,1.7-1.3,3-3,3      c-1,0-2-1-2-1\"><\/path>\t\t\t\t<path class=\"st0\" d=\"M43,29c0,1.7-1.3,3-3,3h-3\"><\/path>\t\t\t\t<polyline class=\"st2\" points=\"63,28 58,33 56,33 40,17 40,15 50,5     \"><\/polyline>\t\t\t\t<polyline class=\"st2\" points=\"1,28 6,33 8,33 24,17 24,15 14,5     \"><\/polyline>\t\t\t\t<line class=\"st1\" x1=\"57\" y1=\"26\" x2=\"59\" y2=\"24\"><\/line>\t\t\t\t<line class=\"st1\" x1=\"5\" y1=\"24\" x2=\"7\" y2=\"26\"><\/line>\t\t\t<\/g>\t\t\t<path class=\"st1\" d=\"M28,45\"><\/path>\t\t\t<path class=\"st1\" d=\"M26,47\"><\/path>\t\t<\/g>\t<\/g><\/g><\/svg>\t\t\t\t<\/a>\n\t\t\t<\/div>\n\t\t\t\n\t\t\t\t\t\t<div class=\"elementor-icon-box-content\">\n\n\t\t\t\t\t\t\t\t\t<h3 class=\"elementor-icon-box-title\">\n\t\t\t\t\t\t<a href=\"https:\/\/www.cdu-fraktion-hamburg-mitte.de\/cms\/regionalausschuss-billstedt\/\" >\n\t\t\t\t\t\t\tBillstedt\t\t\t\t\t\t<\/a>\n\t\t\t\t\t<\/h3>\n\t\t\t\t\n\t\t\t\t\n\t\t\t<\/div>\n\t\t\t\n\t\t<\/div>\n\t\t\t\t\t\t<\/div>\n\t\t\t\t<\/div>\n\t\t\t\t<div class=\"elementor-element elementor-element-babba33 sc_fly_static elementor-widget elementor-widget-spacer\" data-id=\"babba33\" data-element_type=\"widget\" data-e-type=\"widget\" data-widget_type=\"spacer.default\">\n\t\t\t\t<div class=\"elementor-widget-container\">\n\t\t\t\t\t\t\t<div class=\"elementor-spacer\">\n\t\t\t<div class=\"elementor-spacer-inner\"><\/div>\n\t\t<\/div>\n\t\t\t\t\t\t<\/div>\n\t\t\t\t<\/div>\n\t\t\t\t\t<\/div>\n\t\t<\/div>\n\t\t\t\t<div class=\"elementor-column elementor-col-25 elementor-top-column elementor-element elementor-element-4cae91a sc_layouts_column_icons_position_left\" data-id=\"4cae91a\" data-element_type=\"column\" data-e-type=\"column\">\n\t\t\t<div class=\"elementor-widget-wrap elementor-element-populated\">\n\t\t\t\t\t\t<div class=\"elementor-element elementor-element-9755948 elementor-view-stacked elementor-shape-circle elementor-position-block-start elementor-mobile-position-block-start sc_fly_static elementor-widget elementor-widget-icon-box\" data-id=\"9755948\" data-element_type=\"widget\" data-e-type=\"widget\" data-widget_type=\"icon-box.default\">\n\t\t\t\t<div class=\"elementor-widget-container\">\n\t\t\t\t\t\t\t<div class=\"elementor-icon-box-wrapper\">\n\n\t\t\t\t\t\t<div class=\"elementor-icon-box-icon\">\n\t\t\t\t<a href=\"https:\/\/www.cdu-fraktion-hamburg-mitte.de\/cms\/regionalausschuss-horn-hamm-borgfelde\/\" class=\"elementor-icon\" tabindex=\"-1\" aria-label=\"Horn\/Hamm\/Borgfelde\">\n\t\t\t\t<svg xmlns=\"http:\/\/www.w3.org\/2000\/svg\" xmlns:xlink=\"http:\/\/www.w3.org\/1999\/xlink\" id=\"_x33_3_x5F_green_x5F_energy_x5F_source\" x=\"0px\" y=\"0px\" viewBox=\"0 0 64 64\" style=\"enable-background:new 0 0 64 64;\" xml:space=\"preserve\"><style type=\"text\/css\">\t.st0{fill:none;stroke:#FFFFFF;stroke-width:2;stroke-miterlimit:10;}\t.st1{fill:none;stroke:#FFFFFF;stroke-width:2;stroke-linecap:round;stroke-miterlimit:10;}\t.st2{fill:none;stroke:#FFFFFF;stroke-width:2;stroke-linecap:round;stroke-linejoin:round;stroke-miterlimit:10;}<\/style><g>\t<g>\t\t<g>\t\t\t<g>\t\t\t\t<line class=\"st0\" x1=\"22\" y1=\"19\" x2=\"42\" y2=\"19\"><\/line>\t\t\t\t<polyline class=\"st1\" points=\"55,33 52,36 52,38 48,42     \"><\/polyline>\t\t\t\t<path class=\"st1\" d=\"M31,42l11,11c0,0,1,1,2,1c1.7,0,3-1.3,3-3c0-1-1-2-1-2L35,38\"><\/path>\t\t\t\t<path class=\"st1\" d=\"M41,52c0,0,1,1,1,2c0,1.7-1.3,3-3,3c-1,0-2-1-2-1L27,46\"><\/path>\t\t\t\t<path class=\"st1\" d=\"M35,54c0,0,1,1,1,2c0,1.7-1.3,3-3,3c-1,0-2-1-2-1L13,40v-3l-4-4\"><\/path>\t\t\t\t<path class=\"st1\" d=\"M18,46c0,0-1,1-2,1c-1.7,0-3-1.3-3-3c0-1,1-2,1-2\"><\/path>\t\t\t\t<path class=\"st1\" d=\"M22,50c0,0-1,1-2,1c-1.7,0-3-1.3-3-3c0-1,1-2,1-2\"><\/path>\t\t\t\t<path class=\"st1\" d=\"M26,54c0,0-1,1-2,1c-1.7,0-3-1.3-3-3c0-1,1-2,1-2\"><\/path>\t\t\t\t<path class=\"st1\" d=\"M30,58c0,0-1,1-2,1c-1.7,0-3-1.3-3-3c0-1,1-2,1-2\"><\/path>\t\t\t\t<path class=\"st1\" d=\"M29,19l-6,6c0,0-1,1-1,2c0,1.7,1.3,3,3,3c1,0,2-1,2-1l5-5h3v6l13,13c0,0,1,1,1,2c0,1.7-1.3,3-3,3      c-1,0-2-1-2-1\"><\/path>\t\t\t\t<path class=\"st0\" d=\"M43,29c0,1.7-1.3,3-3,3h-3\"><\/path>\t\t\t\t<polyline class=\"st2\" points=\"63,28 58,33 56,33 40,17 40,15 50,5     \"><\/polyline>\t\t\t\t<polyline class=\"st2\" points=\"1,28 6,33 8,33 24,17 24,15 14,5     \"><\/polyline>\t\t\t\t<line class=\"st1\" x1=\"57\" y1=\"26\" x2=\"59\" y2=\"24\"><\/line>\t\t\t\t<line class=\"st1\" x1=\"5\" y1=\"24\" x2=\"7\" y2=\"26\"><\/line>\t\t\t<\/g>\t\t\t<path class=\"st1\" d=\"M28,45\"><\/path>\t\t\t<path class=\"st1\" d=\"M26,47\"><\/path>\t\t<\/g>\t<\/g><\/g><\/svg>\t\t\t\t<\/a>\n\t\t\t<\/div>\n\t\t\t\n\t\t\t\t\t\t<div class=\"elementor-icon-box-content\">\n\n\t\t\t\t\t\t\t\t\t<h3 class=\"elementor-icon-box-title\">\n\t\t\t\t\t\t<a href=\"https:\/\/www.cdu-fraktion-hamburg-mitte.de\/cms\/regionalausschuss-horn-hamm-borgfelde\/\" >\n\t\t\t\t\t\t\tHorn\/Hamm\/Borgfelde\t\t\t\t\t\t<\/a>\n\t\t\t\t\t<\/h3>\n\t\t\t\t\n\t\t\t\t\n\t\t\t<\/div>\n\t\t\t\n\t\t<\/div>\n\t\t\t\t\t\t<\/div>\n\t\t\t\t<\/div>\n\t\t\t\t<div class=\"elementor-element elementor-element-281fe68 sc_fly_static elementor-widget elementor-widget-spacer\" data-id=\"281fe68\" data-element_type=\"widget\" data-e-type=\"widget\" data-widget_type=\"spacer.default\">\n\t\t\t\t<div class=\"elementor-widget-container\">\n\t\t\t\t\t\t\t<div class=\"elementor-spacer\">\n\t\t\t<div class=\"elementor-spacer-inner\"><\/div>\n\t\t<\/div>\n\t\t\t\t\t\t<\/div>\n\t\t\t\t<\/div>\n\t\t\t\t\t<\/div>\n\t\t<\/div>\n\t\t\t\t\t<\/div>\n\t\t<\/section>\n\t\t\t\t<section class=\"elementor-section elementor-top-section elementor-element elementor-element-caf82dc elementor-section-boxed elementor-section-height-default elementor-section-height-default\" data-id=\"caf82dc\" data-element_type=\"section\" data-e-type=\"section\">\n\t\t\t\t\t\t<div class=\"elementor-container elementor-column-gap-extended\">\n\t\t\t\t\t<div class=\"elementor-column elementor-col-100 elementor-top-column elementor-element elementor-element-ff0a35e sc_layouts_column_icons_position_left\" data-id=\"ff0a35e\" data-element_type=\"column\" data-e-type=\"column\">\n\t\t\t<div class=\"elementor-widget-wrap elementor-element-populated\">\n\t\t\t\t\t\t<div class=\"elementor-element elementor-element-eb18801 sc_fly_static elementor-widget elementor-widget-spacer\" data-id=\"eb18801\" data-element_type=\"widget\" data-e-type=\"widget\" data-widget_type=\"spacer.default\">\n\t\t\t\t<div class=\"elementor-widget-container\">\n\t\t\t\t\t\t\t<div class=\"elementor-spacer\">\n\t\t\t<div class=\"elementor-spacer-inner\"><\/div>\n\t\t<\/div>\n\t\t\t\t\t\t<\/div>\n\t\t\t\t<\/div>\n\t\t\t\t\t<\/div>\n\t\t<\/div>\n\t\t\t\t\t<\/div>\n\t\t<\/section>\n\t\t\t\t<\/div>\n\t\t","protected":false},"excerpt":{"rendered":"<p>Wir bewegen Hamburg-Mitte. Maik Holm Ausschussmitglied und Sprecher Joseph Johannsen Ausschussmitglied Vertreter: Ronald Amtmann Felix Kobel Finkenwerder Wilhelmsburg\/Veddel Billstedt Horn\/Hamm\/Borgfelde<\/p>\n","protected":false},"author":1,"featured_media":0,"parent":0,"menu_order":0,"comment_status":"closed","ping_status":"closed","template":"","meta":{"inline_featured_image":false,"footnotes":""},"class_list":["post-10371","page","type-page","status-publish","hentry"],"yoast_head":"<!-- This site is optimized with the Yoast SEO plugin v27.5 - https:\/\/yoast.com\/product\/yoast-seo-wordpress\/ -->\n<title>Regionalausschuss Horn\/Hamm\/Borgfelde &#8226; CDU-Bezirksfraktion Hamburg-Mitte<\/title>\n<meta name=\"robots\" content=\"index, follow, max-snippet:-1, max-image-preview:large, max-video-preview:-1\" \/>\n<link rel=\"canonical\" href=\"https:\/\/www.cdu-fraktion-hamburg-mitte.de\/cms\/regionalausschuss-horn-hamm-borgfelde\/\" \/>\n<meta property=\"og:locale\" content=\"de_DE\" \/>\n<meta property=\"og:type\" content=\"article\" \/>\n<meta property=\"og:title\" content=\"Regionalausschuss Horn\/Hamm\/Borgfelde &#8226; CDU-Bezirksfraktion Hamburg-Mitte\" \/>\n<meta property=\"og:description\" content=\"Wir bewegen Hamburg-Mitte. Maik Holm Ausschussmitglied und Sprecher Joseph Johannsen Ausschussmitglied Vertreter: Ronald Amtmann Felix Kobel Finkenwerder Wilhelmsburg\/Veddel Billstedt Horn\/Hamm\/Borgfelde\" \/>\n<meta property=\"og:url\" content=\"https:\/\/www.cdu-fraktion-hamburg-mitte.de\/cms\/regionalausschuss-horn-hamm-borgfelde\/\" \/>\n<meta property=\"og:site_name\" content=\"CDU-Bezirksfraktion Hamburg-Mitte\" \/>\n<meta property=\"article:modified_time\" content=\"2025-11-12T16:53:12+00:00\" \/>\n<meta property=\"og:image\" content=\"https:\/\/www.cdu-fraktion-hamburg-mitte.de\/cms\/wp-content\/uploads\/2025\/11\/Holm_Maik_homepage-2025.jpg\" \/>\n\t<meta property=\"og:image:width\" content=\"1333\" \/>\n\t<meta property=\"og:image:height\" content=\"1333\" \/>\n\t<meta property=\"og:image:type\" content=\"image\/jpeg\" \/>\n<meta name=\"twitter:card\" content=\"summary_large_image\" \/>\n<script type=\"application\/ld+json\" class=\"yoast-schema-graph\">{\"@context\":\"https:\\\/\\\/schema.org\",\"@graph\":[{\"@type\":\"WebPage\",\"@id\":\"https:\\\/\\\/www.cdu-fraktion-hamburg-mitte.de\\\/cms\\\/regionalausschuss-horn-hamm-borgfelde\\\/\",\"url\":\"https:\\\/\\\/www.cdu-fraktion-hamburg-mitte.de\\\/cms\\\/regionalausschuss-horn-hamm-borgfelde\\\/\",\"name\":\"Regionalausschuss Horn\\\/Hamm\\\/Borgfelde &#8226; CDU-Bezirksfraktion Hamburg-Mitte\",\"isPartOf\":{\"@id\":\"https:\\\/\\\/www.cdu-fraktion-hamburg-mitte.de\\\/cms\\\/#website\"},\"primaryImageOfPage\":{\"@id\":\"https:\\\/\\\/www.cdu-fraktion-hamburg-mitte.de\\\/cms\\\/regionalausschuss-horn-hamm-borgfelde\\\/#primaryimage\"},\"image\":{\"@id\":\"https:\\\/\\\/www.cdu-fraktion-hamburg-mitte.de\\\/cms\\\/regionalausschuss-horn-hamm-borgfelde\\\/#primaryimage\"},\"thumbnailUrl\":\"https:\\\/\\\/www.cdu-fraktion-hamburg-mitte.de\\\/cms\\\/wp-content\\\/uploads\\\/2025\\\/11\\\/Holm_Maik_homepage-2025-740x740.jpg\",\"datePublished\":\"2021-02-27T19:58:19+00:00\",\"dateModified\":\"2025-11-12T16:53:12+00:00\",\"breadcrumb\":{\"@id\":\"https:\\\/\\\/www.cdu-fraktion-hamburg-mitte.de\\\/cms\\\/regionalausschuss-horn-hamm-borgfelde\\\/#breadcrumb\"},\"inLanguage\":\"de\",\"potentialAction\":[{\"@type\":\"ReadAction\",\"target\":[\"https:\\\/\\\/www.cdu-fraktion-hamburg-mitte.de\\\/cms\\\/regionalausschuss-horn-hamm-borgfelde\\\/\"]}]},{\"@type\":\"ImageObject\",\"inLanguage\":\"de\",\"@id\":\"https:\\\/\\\/www.cdu-fraktion-hamburg-mitte.de\\\/cms\\\/regionalausschuss-horn-hamm-borgfelde\\\/#primaryimage\",\"url\":\"https:\\\/\\\/www.cdu-fraktion-hamburg-mitte.de\\\/cms\\\/wp-content\\\/uploads\\\/2025\\\/11\\\/Holm_Maik_homepage-2025.jpg\",\"contentUrl\":\"https:\\\/\\\/www.cdu-fraktion-hamburg-mitte.de\\\/cms\\\/wp-content\\\/uploads\\\/2025\\\/11\\\/Holm_Maik_homepage-2025.jpg\",\"width\":1333,\"height\":1333,\"caption\":\"Maik Holm\"},{\"@type\":\"BreadcrumbList\",\"@id\":\"https:\\\/\\\/www.cdu-fraktion-hamburg-mitte.de\\\/cms\\\/regionalausschuss-horn-hamm-borgfelde\\\/#breadcrumb\",\"itemListElement\":[{\"@type\":\"ListItem\",\"position\":1,\"name\":\"Startseite\",\"item\":\"https:\\\/\\\/www.cdu-fraktion-hamburg-mitte.de\\\/cms\\\/\"},{\"@type\":\"ListItem\",\"position\":2,\"name\":\"Regionalausschuss Horn\\\/Hamm\\\/Borgfelde\"}]},{\"@type\":\"WebSite\",\"@id\":\"https:\\\/\\\/www.cdu-fraktion-hamburg-mitte.de\\\/cms\\\/#website\",\"url\":\"https:\\\/\\\/www.cdu-fraktion-hamburg-mitte.de\\\/cms\\\/\",\"name\":\"CDU-Bezirksfraktion Hamburg-Mitte\",\"description\":\"Politik in der Bezirksversammlung Hamburg-Mitte\",\"publisher\":{\"@id\":\"https:\\\/\\\/www.cdu-fraktion-hamburg-mitte.de\\\/cms\\\/#organization\"},\"potentialAction\":[{\"@type\":\"SearchAction\",\"target\":{\"@type\":\"EntryPoint\",\"urlTemplate\":\"https:\\\/\\\/www.cdu-fraktion-hamburg-mitte.de\\\/cms\\\/?s={search_term_string}\"},\"query-input\":{\"@type\":\"PropertyValueSpecification\",\"valueRequired\":true,\"valueName\":\"search_term_string\"}}],\"inLanguage\":\"de\"},{\"@type\":\"Organization\",\"@id\":\"https:\\\/\\\/www.cdu-fraktion-hamburg-mitte.de\\\/cms\\\/#organization\",\"name\":\"CDU-B\u00fcrgerschaftsfraktion Hamburg\",\"url\":\"https:\\\/\\\/www.cdu-fraktion-hamburg-mitte.de\\\/cms\\\/\",\"logo\":{\"@type\":\"ImageObject\",\"inLanguage\":\"de\",\"@id\":\"https:\\\/\\\/www.cdu-fraktion-hamburg-mitte.de\\\/cms\\\/#\\\/schema\\\/logo\\\/image\\\/\",\"url\":\"\",\"contentUrl\":\"\",\"caption\":\"CDU-B\u00fcrgerschaftsfraktion Hamburg\"},\"image\":{\"@id\":\"https:\\\/\\\/www.cdu-fraktion-hamburg-mitte.de\\\/cms\\\/#\\\/schema\\\/logo\\\/image\\\/\"}}]}<\/script>\n<!-- \/ Yoast SEO plugin. -->","yoast_head_json":{"title":"Regionalausschuss Horn\/Hamm\/Borgfelde &#8226; CDU-Bezirksfraktion Hamburg-Mitte","robots":{"index":"index","follow":"follow","max-snippet":"max-snippet:-1","max-image-preview":"max-image-preview:large","max-video-preview":"max-video-preview:-1"},"canonical":"https:\/\/www.cdu-fraktion-hamburg-mitte.de\/cms\/regionalausschuss-horn-hamm-borgfelde\/","og_locale":"de_DE","og_type":"article","og_title":"Regionalausschuss Horn\/Hamm\/Borgfelde &#8226; CDU-Bezirksfraktion Hamburg-Mitte","og_description":"Wir bewegen Hamburg-Mitte. Maik Holm Ausschussmitglied und Sprecher Joseph Johannsen Ausschussmitglied Vertreter: Ronald Amtmann Felix Kobel Finkenwerder Wilhelmsburg\/Veddel Billstedt Horn\/Hamm\/Borgfelde","og_url":"https:\/\/www.cdu-fraktion-hamburg-mitte.de\/cms\/regionalausschuss-horn-hamm-borgfelde\/","og_site_name":"CDU-Bezirksfraktion Hamburg-Mitte","article_modified_time":"2025-11-12T16:53:12+00:00","og_image":[{"width":1333,"height":1333,"url":"https:\/\/www.cdu-fraktion-hamburg-mitte.de\/cms\/wp-content\/uploads\/2025\/11\/Holm_Maik_homepage-2025.jpg","type":"image\/jpeg"}],"twitter_card":"summary_large_image","schema":{"@context":"https:\/\/schema.org","@graph":[{"@type":"WebPage","@id":"https:\/\/www.cdu-fraktion-hamburg-mitte.de\/cms\/regionalausschuss-horn-hamm-borgfelde\/","url":"https:\/\/www.cdu-fraktion-hamburg-mitte.de\/cms\/regionalausschuss-horn-hamm-borgfelde\/","name":"Regionalausschuss Horn\/Hamm\/Borgfelde &#8226; CDU-Bezirksfraktion Hamburg-Mitte","isPartOf":{"@id":"https:\/\/www.cdu-fraktion-hamburg-mitte.de\/cms\/#website"},"primaryImageOfPage":{"@id":"https:\/\/www.cdu-fraktion-hamburg-mitte.de\/cms\/regionalausschuss-horn-hamm-borgfelde\/#primaryimage"},"image":{"@id":"https:\/\/www.cdu-fraktion-hamburg-mitte.de\/cms\/regionalausschuss-horn-hamm-borgfelde\/#primaryimage"},"thumbnailUrl":"https:\/\/www.cdu-fraktion-hamburg-mitte.de\/cms\/wp-content\/uploads\/2025\/11\/Holm_Maik_homepage-2025-740x740.jpg","datePublished":"2021-02-27T19:58:19+00:00","dateModified":"2025-11-12T16:53:12+00:00","breadcrumb":{"@id":"https:\/\/www.cdu-fraktion-hamburg-mitte.de\/cms\/regionalausschuss-horn-hamm-borgfelde\/#breadcrumb"},"inLanguage":"de","potentialAction":[{"@type":"ReadAction","target":["https:\/\/www.cdu-fraktion-hamburg-mitte.de\/cms\/regionalausschuss-horn-hamm-borgfelde\/"]}]},{"@type":"ImageObject","inLanguage":"de","@id":"https:\/\/www.cdu-fraktion-hamburg-mitte.de\/cms\/regionalausschuss-horn-hamm-borgfelde\/#primaryimage","url":"https:\/\/www.cdu-fraktion-hamburg-mitte.de\/cms\/wp-content\/uploads\/2025\/11\/Holm_Maik_homepage-2025.jpg","contentUrl":"https:\/\/www.cdu-fraktion-hamburg-mitte.de\/cms\/wp-content\/uploads\/2025\/11\/Holm_Maik_homepage-2025.jpg","width":1333,"height":1333,"caption":"Maik Holm"},{"@type":"BreadcrumbList","@id":"https:\/\/www.cdu-fraktion-hamburg-mitte.de\/cms\/regionalausschuss-horn-hamm-borgfelde\/#breadcrumb","itemListElement":[{"@type":"ListItem","position":1,"name":"Startseite","item":"https:\/\/www.cdu-fraktion-hamburg-mitte.de\/cms\/"},{"@type":"ListItem","position":2,"name":"Regionalausschuss Horn\/Hamm\/Borgfelde"}]},{"@type":"WebSite","@id":"https:\/\/www.cdu-fraktion-hamburg-mitte.de\/cms\/#website","url":"https:\/\/www.cdu-fraktion-hamburg-mitte.de\/cms\/","name":"CDU-Bezirksfraktion Hamburg-Mitte","description":"Politik in der Bezirksversammlung Hamburg-Mitte","publisher":{"@id":"https:\/\/www.cdu-fraktion-hamburg-mitte.de\/cms\/#organization"},"potentialAction":[{"@type":"SearchAction","target":{"@type":"EntryPoint","urlTemplate":"https:\/\/www.cdu-fraktion-hamburg-mitte.de\/cms\/?s={search_term_string}"},"query-input":{"@type":"PropertyValueSpecification","valueRequired":true,"valueName":"search_term_string"}}],"inLanguage":"de"},{"@type":"Organization","@id":"https:\/\/www.cdu-fraktion-hamburg-mitte.de\/cms\/#organization","name":"CDU-B\u00fcrgerschaftsfraktion Hamburg","url":"https:\/\/www.cdu-fraktion-hamburg-mitte.de\/cms\/","logo":{"@type":"ImageObject","inLanguage":"de","@id":"https:\/\/www.cdu-fraktion-hamburg-mitte.de\/cms\/#\/schema\/logo\/image\/","url":"","contentUrl":"","caption":"CDU-B\u00fcrgerschaftsfraktion Hamburg"},"image":{"@id":"https:\/\/www.cdu-fraktion-hamburg-mitte.de\/cms\/#\/schema\/logo\/image\/"}}]}},"_links":{"self":[{"href":"https:\/\/www.cdu-fraktion-hamburg-mitte.de\/cms\/wp-json\/wp\/v2\/pages\/10371","targetHints":{"allow":["GET"]}}],"collection":[{"href":"https:\/\/www.cdu-fraktion-hamburg-mitte.de\/cms\/wp-json\/wp\/v2\/pages"}],"about":[{"href":"https:\/\/www.cdu-fraktion-hamburg-mitte.de\/cms\/wp-json\/wp\/v2\/types\/page"}],"author":[{"embeddable":true,"href":"https:\/\/www.cdu-fraktion-hamburg-mitte.de\/cms\/wp-json\/wp\/v2\/users\/1"}],"replies":[{"embeddable":true,"href":"https:\/\/www.cdu-fraktion-hamburg-mitte.de\/cms\/wp-json\/wp\/v2\/comments?post=10371"}],"version-history":[{"count":24,"href":"https:\/\/www.cdu-fraktion-hamburg-mitte.de\/cms\/wp-json\/wp\/v2\/pages\/10371\/revisions"}],"predecessor-version":[{"id":14017,"href":"https:\/\/www.cdu-fraktion-hamburg-mitte.de\/cms\/wp-json\/wp\/v2\/pages\/10371\/revisions\/14017"}],"wp:attachment":[{"href":"https:\/\/www.cdu-fraktion-hamburg-mitte.de\/cms\/wp-json\/wp\/v2\/media?parent=10371"}],"curies":[{"name":"wp","href":"https:\/\/api.w.org\/{rel}","templated":true}]}}