{"id":7461,"date":"2021-01-22T19:03:20","date_gmt":"2021-01-22T18:03:20","guid":{"rendered":"https:\/\/trockendock.one\/150\/?page_id=7461"},"modified":"2023-11-26T12:44:43","modified_gmt":"2023-11-26T11:44:43","slug":"aktuelles","status":"publish","type":"page","link":"https:\/\/www.cdu-fraktion-hamburg-mitte.de\/cms\/aktuelles\/","title":{"rendered":"Aktuelles"},"content":{"rendered":"\t\t<div data-elementor-type=\"wp-page\" data-elementor-id=\"7461\" class=\"elementor elementor-7461\" data-elementor-post-type=\"page\">\n\t\t\t\t\t\t<section class=\"elementor-section elementor-top-section elementor-element elementor-element-9103d2f elementor-section-full_width elementor-section-height-default elementor-section-height-default\" data-id=\"9103d2f\" data-element_type=\"section\" data-e-type=\"section\">\n\t\t\t\t\t\t<div class=\"elementor-container elementor-column-gap-narrow\">\n\t\t\t\t\t<div class=\"elementor-column elementor-col-100 elementor-top-column elementor-element elementor-element-676d814 sc_layouts_column_icons_position_left\" data-id=\"676d814\" data-element_type=\"column\" data-e-type=\"column\">\n\t\t\t<div class=\"elementor-widget-wrap elementor-element-populated\">\n\t\t\t\t\t\t<div class=\"elementor-element elementor-element-7f34b36 sc_fly_static elementor-widget elementor-widget-spacer\" data-id=\"7f34b36\" data-element_type=\"widget\" data-e-type=\"widget\" data-widget_type=\"spacer.default\">\n\t\t\t\t<div class=\"elementor-widget-container\">\n\t\t\t\t\t\t\t<div class=\"elementor-spacer\">\n\t\t\t<div class=\"elementor-spacer-inner\"><\/div>\n\t\t<\/div>\n\t\t\t\t\t\t<\/div>\n\t\t\t\t<\/div>\n\t\t\t\t<div class=\"elementor-element elementor-element-4c23b5e elementor-grid-3 elementor-grid-tablet-2 elementor-grid-mobile-1 elementor-posts--thumbnail-top elementor-posts--show-avatar elementor-card-shadow-yes elementor-posts__hover-gradient sc_fly_static elementor-widget elementor-widget-posts\" data-id=\"4c23b5e\" data-element_type=\"widget\" data-e-type=\"widget\" data-settings=\"{&quot;pagination_type&quot;:&quot;numbers_and_prev_next&quot;,&quot;cards_columns&quot;:&quot;3&quot;,&quot;cards_columns_tablet&quot;:&quot;2&quot;,&quot;cards_columns_mobile&quot;:&quot;1&quot;,&quot;cards_row_gap&quot;:{&quot;unit&quot;:&quot;px&quot;,&quot;size&quot;:35,&quot;sizes&quot;:[]},&quot;cards_row_gap_tablet&quot;:{&quot;unit&quot;:&quot;px&quot;,&quot;size&quot;:&quot;&quot;,&quot;sizes&quot;:[]},&quot;cards_row_gap_mobile&quot;:{&quot;unit&quot;:&quot;px&quot;,&quot;size&quot;:&quot;&quot;,&quot;sizes&quot;:[]}}\" data-widget_type=\"posts.cards\">\n\t\t\t\t<div class=\"elementor-widget-container\">\n\t\t\t\t\t\t\t<div class=\"elementor-posts-container elementor-posts elementor-posts--skin-cards elementor-grid\" role=\"list\">\n\t\t\t\t<article class=\"elementor-post elementor-grid-item post-14116 post type-post status-publish format-standard has-post-thumbnail hentry category-pressemitteilung tag-elbkinder tag-kita-kohlhoefen tag-roland-hoitz tag-stefanie-blaschka\" role=\"listitem\">\n\t\t\t<div class=\"elementor-post__card\">\n\t\t\t\t<a class=\"elementor-post__thumbnail__link\" href=\"https:\/\/www.cdu-fraktion-hamburg-mitte.de\/cms\/blaschka-und-hoitz-fordern-hamburger-aelteste-kita-muss-erhalten-bleiben\/\" tabindex=\"-1\" ><div class=\"elementor-post__thumbnail\"><img fetchpriority=\"high\" decoding=\"async\" width=\"424\" height=\"208\" src=\"https:\/\/www.cdu-fraktion-hamburg-mitte.de\/cms\/wp-content\/uploads\/2026\/04\/Bild1-e1776261802867.png\" class=\"attachment-medium size-medium wp-image-14119\" alt=\"\" srcset=\"https:\/\/www.cdu-fraktion-hamburg-mitte.de\/cms\/wp-content\/uploads\/2026\/04\/Bild1-e1776261802867.png 424w, https:\/\/www.cdu-fraktion-hamburg-mitte.de\/cms\/wp-content\/uploads\/2026\/04\/Bild1-e1776261802867-370x182.png 370w\" sizes=\"(max-width: 424px) 100vw, 424px\" \/><\/div><\/a>\n\t\t\t\t<div class=\"elementor-post__badge\">Pressemitteilungen<\/div>\n\t\t\t\t<div class=\"elementor-post__avatar\">\n\t\t\t<img data-del=\"avatar\" alt=\"fraktion\" src='https:\/\/www.cdu-fraktion-hamburg-mitte.de\/cms\/wp-content\/uploads\/2023\/11\/CDU-Logo-Avatar-150x150.png' class='avatar pp-user-avatar avatar-128 photo ' height='128' width='128'\/>\t\t<\/div>\n\t\t\t\t<div class=\"elementor-post__text\">\n\t\t\t\t<h3 class=\"elementor-post__title\">\n\t\t\t<a href=\"https:\/\/www.cdu-fraktion-hamburg-mitte.de\/cms\/blaschka-und-hoitz-fordern-hamburger-aelteste-kita-muss-erhalten-bleiben\/\" >\n\t\t\t\tBlaschka und Hoitz fordern: Hamburger \u00e4lteste Kita muss erhalten bleiben\t\t\t<\/a>\n\t\t<\/h3>\n\t\t\t\t<div class=\"elementor-post__excerpt\">\n\t\t\t<p>Hamburgs \u00e4lteste Kita, die in der Neustadt gelegene und bereits 1852 als Krippe gegr\u00fcndete st\u00e4dtische Kita Kohlh\u00f6fen, soll schlie\u00dfen. Bis Sommer 2027 m\u00fcssen sich die Eltern eine neue M\u00f6glichkeit suchen, ihre Kinder unterzubringen, so der Betreiber Elbkinder. Zurecht sorgt diese Mitteilung bei den betroffenen Eltern und Kindern f\u00fcr gro\u00dfen Unmut.<\/p>\n\t\t<\/div>\n\t\t\n\t\t<a class=\"elementor-post__read-more\" href=\"https:\/\/www.cdu-fraktion-hamburg-mitte.de\/cms\/blaschka-und-hoitz-fordern-hamburger-aelteste-kita-muss-erhalten-bleiben\/\" aria-label=\"Mehr \u00fcber Blaschka und Hoitz fordern: Hamburger \u00e4lteste Kita muss erhalten bleiben\" tabindex=\"-1\" >\n\t\t\tWeiterlesen \u00bb\t\t<\/a>\n\n\t\t\t\t<\/div>\n\t\t\t\t<div class=\"elementor-post__meta-data\">\n\t\t\t\t\t<span class=\"elementor-post-author\">\n\t\t\tfraktion\t\t<\/span>\n\t\t\t\t<span class=\"elementor-post-date\">\n\t\t\t15. April 2026\t\t<\/span>\n\t\t\t\t<\/div>\n\t\t\t\t\t<\/div>\n\t\t<\/article>\n\t\t\t\t<article class=\"elementor-post elementor-grid-item post-14112 post type-post status-publish format-standard has-post-thumbnail hentry category-finkenwerder tag-fabian-haase tag-faehrlinie-62-finkenwerder tag-faehrlinie-66 tag-pascal-wille\" role=\"listitem\">\n\t\t\t<div class=\"elementor-post__card\">\n\t\t\t\t<a class=\"elementor-post__thumbnail__link\" href=\"https:\/\/www.cdu-fraktion-hamburg-mitte.de\/cms\/die-antworten-des-senats-zur-faehrlinie-66-zeigen-vor-allem-eines-planloses-handeln-auf-kosten-der-fahrgaeste\/\" tabindex=\"-1\" ><div class=\"elementor-post__thumbnail\"><img decoding=\"async\" width=\"633\" height=\"482\" src=\"https:\/\/www.cdu-fraktion-hamburg-mitte.de\/cms\/wp-content\/uploads\/2026\/04\/Faehre_Finkenwerder.jpg\" class=\"attachment-medium size-medium wp-image-14114\" alt=\"\" srcset=\"https:\/\/www.cdu-fraktion-hamburg-mitte.de\/cms\/wp-content\/uploads\/2026\/04\/Faehre_Finkenwerder.jpg 633w, https:\/\/www.cdu-fraktion-hamburg-mitte.de\/cms\/wp-content\/uploads\/2026\/04\/Faehre_Finkenwerder-370x282.jpg 370w, https:\/\/www.cdu-fraktion-hamburg-mitte.de\/cms\/wp-content\/uploads\/2026\/04\/Faehre_Finkenwerder-570x434.jpg 570w\" sizes=\"(max-width: 633px) 100vw, 633px\" \/><\/div><\/a>\n\t\t\t\t<div class=\"elementor-post__badge\">Finkenwerder<\/div>\n\t\t\t\t<div class=\"elementor-post__avatar\">\n\t\t\t<img data-del=\"avatar\" alt=\"fraktion\" src='https:\/\/www.cdu-fraktion-hamburg-mitte.de\/cms\/wp-content\/uploads\/2023\/11\/CDU-Logo-Avatar-150x150.png' class='avatar pp-user-avatar avatar-128 photo ' height='128' width='128'\/>\t\t<\/div>\n\t\t\t\t<div class=\"elementor-post__text\">\n\t\t\t\t<h3 class=\"elementor-post__title\">\n\t\t\t<a href=\"https:\/\/www.cdu-fraktion-hamburg-mitte.de\/cms\/die-antworten-des-senats-zur-faehrlinie-66-zeigen-vor-allem-eines-planloses-handeln-auf-kosten-der-fahrgaeste\/\" >\n\t\t\t\tDie Antworten des Senats zur F\u00e4hrlinie 66 zeigen vor allem eines: planloses Handeln auf Kosten der Fahrg\u00e4ste.\t\t\t<\/a>\n\t\t<\/h3>\n\t\t\t\t<div class=\"elementor-post__excerpt\">\n\t\t\t<p>Zun\u00e4chst wird eine neue Linie mit gro\u00dfen Erwartungen und optimistischen Prognosen eingef\u00fchrt. Dann wird das Angebot sogar noch verdichtet. Und nur kurze Zeit sp\u00e4ter wird die Linie wieder eingestellt. Das ist keine vorausschauende Verkehrspolitik, sondern ein teures Hin und Her. Besonders kritisch ist: Der Senat hat nicht einmal untersucht, ob<\/p>\n\t\t<\/div>\n\t\t\n\t\t<a class=\"elementor-post__read-more\" href=\"https:\/\/www.cdu-fraktion-hamburg-mitte.de\/cms\/die-antworten-des-senats-zur-faehrlinie-66-zeigen-vor-allem-eines-planloses-handeln-auf-kosten-der-fahrgaeste\/\" aria-label=\"Mehr \u00fcber Die Antworten des Senats zur F\u00e4hrlinie 66 zeigen vor allem eines: planloses Handeln auf Kosten der Fahrg\u00e4ste.\" tabindex=\"-1\" >\n\t\t\tWeiterlesen \u00bb\t\t<\/a>\n\n\t\t\t\t<\/div>\n\t\t\t\t<div class=\"elementor-post__meta-data\">\n\t\t\t\t\t<span class=\"elementor-post-author\">\n\t\t\tfraktion\t\t<\/span>\n\t\t\t\t<span class=\"elementor-post-date\">\n\t\t\t15. April 2026\t\t<\/span>\n\t\t\t\t<\/div>\n\t\t\t\t\t<\/div>\n\t\t<\/article>\n\t\t\t\t<article class=\"elementor-post elementor-grid-item post-14109 post type-post status-publish format-standard has-post-thumbnail hentry category-pressemitteilung tag-gross-sand tag-joern-frommann tag-krankenhaus tag-wilhelmsburg\" role=\"listitem\">\n\t\t\t<div class=\"elementor-post__card\">\n\t\t\t\t<a class=\"elementor-post__thumbnail__link\" href=\"https:\/\/www.cdu-fraktion-hamburg-mitte.de\/cms\/elbinseln-auf-dem-medizinischen-abstellgleis-angekommen-rotgruene-konzeptlosigkeit-traegt-fruechte-krankenhaus-gross-sand-wird-geschlossen\/\" tabindex=\"-1\" ><div class=\"elementor-post__thumbnail\"><img decoding=\"async\" width=\"600\" height=\"600\" src=\"https:\/\/www.cdu-fraktion-hamburg-mitte.de\/cms\/wp-content\/uploads\/2024\/07\/Frommann.jpg\" class=\"attachment-medium size-medium wp-image-13551\" alt=\"J\u00f6rn Frommann\" srcset=\"https:\/\/www.cdu-fraktion-hamburg-mitte.de\/cms\/wp-content\/uploads\/2024\/07\/Frommann.jpg 600w, https:\/\/www.cdu-fraktion-hamburg-mitte.de\/cms\/wp-content\/uploads\/2024\/07\/Frommann-160x160.jpg 160w, https:\/\/www.cdu-fraktion-hamburg-mitte.de\/cms\/wp-content\/uploads\/2024\/07\/Frommann-150x150.jpg 150w, https:\/\/www.cdu-fraktion-hamburg-mitte.de\/cms\/wp-content\/uploads\/2024\/07\/Frommann-70x70.jpg 70w, https:\/\/www.cdu-fraktion-hamburg-mitte.de\/cms\/wp-content\/uploads\/2024\/07\/Frommann-370x370.jpg 370w, https:\/\/www.cdu-fraktion-hamburg-mitte.de\/cms\/wp-content\/uploads\/2024\/07\/Frommann-90x90.jpg 90w, https:\/\/www.cdu-fraktion-hamburg-mitte.de\/cms\/wp-content\/uploads\/2024\/07\/Frommann-180x180.jpg 180w, https:\/\/www.cdu-fraktion-hamburg-mitte.de\/cms\/wp-content\/uploads\/2024\/07\/Frommann-570x570.jpg 570w\" sizes=\"(max-width: 600px) 100vw, 600px\" \/><\/div><\/a>\n\t\t\t\t<div class=\"elementor-post__badge\">Pressemitteilungen<\/div>\n\t\t\t\t<div class=\"elementor-post__avatar\">\n\t\t\t<img data-del=\"avatar\" alt=\"fraktion\" src='https:\/\/www.cdu-fraktion-hamburg-mitte.de\/cms\/wp-content\/uploads\/2023\/11\/CDU-Logo-Avatar-150x150.png' class='avatar pp-user-avatar avatar-128 photo ' height='128' width='128'\/>\t\t<\/div>\n\t\t\t\t<div class=\"elementor-post__text\">\n\t\t\t\t<h3 class=\"elementor-post__title\">\n\t\t\t<a href=\"https:\/\/www.cdu-fraktion-hamburg-mitte.de\/cms\/elbinseln-auf-dem-medizinischen-abstellgleis-angekommen-rotgruene-konzeptlosigkeit-traegt-fruechte-krankenhaus-gross-sand-wird-geschlossen\/\" >\n\t\t\t\tElbinseln auf dem medizinischen Abstellgleis angekommen! Rotgr\u00fcne Konzeptlosigkeit tr\u00e4gt Fr\u00fcchte \u2013 Krankenhaus Gro\u00df Sand wird geschlossen!\t\t\t<\/a>\n\t\t<\/h3>\n\t\t\t\t<div class=\"elementor-post__excerpt\">\n\t\t\t<p>Bereits seit \u00fcber einem Jahr wog das Damokles-Schwert der Schlie\u00dfung des Katholischen Krankenhauses Gro\u00df Sand \u00fcber den Elbinseln und deren Nachbarn. Nunmehr gibt es kein Zur\u00fcck mehr. Die Katholische Kirche hat gestern das Ende des Betriebs bereits f\u00fcr Juni 2026 angek\u00fcndigt. &#8222;Auch wenn wir immer wieder die Hoffnung hatten, dass<\/p>\n\t\t<\/div>\n\t\t\n\t\t<a class=\"elementor-post__read-more\" href=\"https:\/\/www.cdu-fraktion-hamburg-mitte.de\/cms\/elbinseln-auf-dem-medizinischen-abstellgleis-angekommen-rotgruene-konzeptlosigkeit-traegt-fruechte-krankenhaus-gross-sand-wird-geschlossen\/\" aria-label=\"Mehr \u00fcber Elbinseln auf dem medizinischen Abstellgleis angekommen! Rotgr\u00fcne Konzeptlosigkeit tr\u00e4gt Fr\u00fcchte \u2013 Krankenhaus Gro\u00df Sand wird geschlossen!\" tabindex=\"-1\" >\n\t\t\tWeiterlesen \u00bb\t\t<\/a>\n\n\t\t\t\t<\/div>\n\t\t\t\t<div class=\"elementor-post__meta-data\">\n\t\t\t\t\t<span class=\"elementor-post-author\">\n\t\t\tfraktion\t\t<\/span>\n\t\t\t\t<span class=\"elementor-post-date\">\n\t\t\t19. M\u00e4rz 2026\t\t<\/span>\n\t\t\t\t<\/div>\n\t\t\t\t\t<\/div>\n\t\t<\/article>\n\t\t\t\t<article class=\"elementor-post elementor-grid-item post-14105 post type-post status-publish format-standard has-post-thumbnail hentry category-pressemitteilung tag-emder-strasse tag-fabian-haase tag-finkenwerder tag-ostfrieslandstrasse tag-pascal-wille tag-radverkehr\" role=\"listitem\">\n\t\t\t<div class=\"elementor-post__card\">\n\t\t\t\t<a class=\"elementor-post__thumbnail__link\" href=\"https:\/\/www.cdu-fraktion-hamburg-mitte.de\/cms\/sicherheit-fuer-radfahrer-in-finkenwerder-verpasst-cdu-antrag-von-spd-und-gruene-abgelehnt\/\" tabindex=\"-1\" ><div class=\"elementor-post__thumbnail\"><img loading=\"lazy\" decoding=\"async\" width=\"480\" height=\"640\" src=\"https:\/\/www.cdu-fraktion-hamburg-mitte.de\/cms\/wp-content\/uploads\/2026\/03\/Radfahrer_Ostfrieslandstrasse_Emder_Strasse_Finkenwerder.jpg\" class=\"attachment-medium size-medium wp-image-14107\" alt=\"\" srcset=\"https:\/\/www.cdu-fraktion-hamburg-mitte.de\/cms\/wp-content\/uploads\/2026\/03\/Radfahrer_Ostfrieslandstrasse_Emder_Strasse_Finkenwerder.jpg 480w, https:\/\/www.cdu-fraktion-hamburg-mitte.de\/cms\/wp-content\/uploads\/2026\/03\/Radfahrer_Ostfrieslandstrasse_Emder_Strasse_Finkenwerder-370x493.jpg 370w\" sizes=\"(max-width: 480px) 100vw, 480px\" \/><\/div><\/a>\n\t\t\t\t<div class=\"elementor-post__badge\">Pressemitteilungen<\/div>\n\t\t\t\t<div class=\"elementor-post__avatar\">\n\t\t\t<img data-del=\"avatar\" alt=\"fraktion\" src='https:\/\/www.cdu-fraktion-hamburg-mitte.de\/cms\/wp-content\/uploads\/2023\/11\/CDU-Logo-Avatar-150x150.png' class='avatar pp-user-avatar avatar-128 photo ' height='128' width='128'\/>\t\t<\/div>\n\t\t\t\t<div class=\"elementor-post__text\">\n\t\t\t\t<h3 class=\"elementor-post__title\">\n\t\t\t<a href=\"https:\/\/www.cdu-fraktion-hamburg-mitte.de\/cms\/sicherheit-fuer-radfahrer-in-finkenwerder-verpasst-cdu-antrag-von-spd-und-gruene-abgelehnt\/\" >\n\t\t\t\tSicherheit f\u00fcr Radfahrer in Finkenwerder verpasst \u2013 CDU-Antrag von SPD und Gr\u00fcne abgelehnt\t\t\t<\/a>\n\t\t<\/h3>\n\t\t\t\t<div class=\"elementor-post__excerpt\">\n\t\t\t<p>CDU kritisiert Entscheidung von SPD und Gr\u00fcnen im Regionalausschuss Die Ablehnung des CDU-Antrags zur \u00dcberpr\u00fcfung der Radverkehrsf\u00fchrung an der Ostfrieslandstra\u00dfe \/ Emder Stra\u00dfe durch SPD und Gr\u00fcne st\u00f6\u00dft bei der CDU-Fraktion auf deutliche Kritik. Aus Sicht der CDU wurde eine wichtige Chance vertan, die Sicherheit f\u00fcr Radfahrerinnen und Radfahrer in<\/p>\n\t\t<\/div>\n\t\t\n\t\t<a class=\"elementor-post__read-more\" href=\"https:\/\/www.cdu-fraktion-hamburg-mitte.de\/cms\/sicherheit-fuer-radfahrer-in-finkenwerder-verpasst-cdu-antrag-von-spd-und-gruene-abgelehnt\/\" aria-label=\"Mehr \u00fcber Sicherheit f\u00fcr Radfahrer in Finkenwerder verpasst \u2013 CDU-Antrag von SPD und Gr\u00fcne abgelehnt\" tabindex=\"-1\" >\n\t\t\tWeiterlesen \u00bb\t\t<\/a>\n\n\t\t\t\t<\/div>\n\t\t\t\t<div class=\"elementor-post__meta-data\">\n\t\t\t\t\t<span class=\"elementor-post-author\">\n\t\t\tfraktion\t\t<\/span>\n\t\t\t\t<span class=\"elementor-post-date\">\n\t\t\t19. M\u00e4rz 2026\t\t<\/span>\n\t\t\t\t<\/div>\n\t\t\t\t\t<\/div>\n\t\t<\/article>\n\t\t\t\t<article class=\"elementor-post elementor-grid-item post-14102 post type-post status-publish format-standard has-post-thumbnail hentry category-pressemitteilung tag-joern-frommann tag-kinderbauernhof tag-kirchdorf-sued tag-wilhelmsburg\" role=\"listitem\">\n\t\t\t<div class=\"elementor-post__card\">\n\t\t\t\t<a class=\"elementor-post__thumbnail__link\" href=\"https:\/\/www.cdu-fraktion-hamburg-mitte.de\/cms\/rotgruen-als-totengraeber-des-kinderbauernhofs-kirchdorf-sued\/\" tabindex=\"-1\" ><div class=\"elementor-post__thumbnail\"><img decoding=\"async\" width=\"600\" height=\"600\" src=\"https:\/\/www.cdu-fraktion-hamburg-mitte.de\/cms\/wp-content\/uploads\/2024\/07\/Frommann.jpg\" class=\"attachment-medium size-medium wp-image-13551\" alt=\"J\u00f6rn Frommann\" srcset=\"https:\/\/www.cdu-fraktion-hamburg-mitte.de\/cms\/wp-content\/uploads\/2024\/07\/Frommann.jpg 600w, https:\/\/www.cdu-fraktion-hamburg-mitte.de\/cms\/wp-content\/uploads\/2024\/07\/Frommann-160x160.jpg 160w, https:\/\/www.cdu-fraktion-hamburg-mitte.de\/cms\/wp-content\/uploads\/2024\/07\/Frommann-150x150.jpg 150w, https:\/\/www.cdu-fraktion-hamburg-mitte.de\/cms\/wp-content\/uploads\/2024\/07\/Frommann-70x70.jpg 70w, https:\/\/www.cdu-fraktion-hamburg-mitte.de\/cms\/wp-content\/uploads\/2024\/07\/Frommann-370x370.jpg 370w, https:\/\/www.cdu-fraktion-hamburg-mitte.de\/cms\/wp-content\/uploads\/2024\/07\/Frommann-90x90.jpg 90w, https:\/\/www.cdu-fraktion-hamburg-mitte.de\/cms\/wp-content\/uploads\/2024\/07\/Frommann-180x180.jpg 180w, https:\/\/www.cdu-fraktion-hamburg-mitte.de\/cms\/wp-content\/uploads\/2024\/07\/Frommann-570x570.jpg 570w\" sizes=\"(max-width: 600px) 100vw, 600px\" \/><\/div><\/a>\n\t\t\t\t<div class=\"elementor-post__badge\">Pressemitteilungen<\/div>\n\t\t\t\t<div class=\"elementor-post__avatar\">\n\t\t\t<img data-del=\"avatar\" alt=\"fraktion\" src='https:\/\/www.cdu-fraktion-hamburg-mitte.de\/cms\/wp-content\/uploads\/2023\/11\/CDU-Logo-Avatar-150x150.png' class='avatar pp-user-avatar avatar-128 photo ' height='128' width='128'\/>\t\t<\/div>\n\t\t\t\t<div class=\"elementor-post__text\">\n\t\t\t\t<h3 class=\"elementor-post__title\">\n\t\t\t<a href=\"https:\/\/www.cdu-fraktion-hamburg-mitte.de\/cms\/rotgruen-als-totengraeber-des-kinderbauernhofs-kirchdorf-sued\/\" >\n\t\t\t\tRotgr\u00fcn als Totengr\u00e4ber des Kinderbauernhofs Kirchdorf-S\u00fcd\t\t\t<\/a>\n\t\t<\/h3>\n\t\t\t\t<div class=\"elementor-post__excerpt\">\n\t\t\t<p>Dem seit fast drei\u00dfig Jahren im Wesentlichen auf der Grundlage ehrenamtlicher T\u00e4tigkeit arbeitende Kinderbauernhof Kirchdorf-S\u00fcd droht das Aus. Nachdem die Gespr\u00e4che mit einem neuen Tr\u00e4ger offensichtlich bereits vor einigen Monaten gescheitert sind, konnte der Bezirk Hamburg-Mitte bisher keine L\u00f6sung f\u00fcr die \u00fcberregional beliebte Einrichtung, die vor allen Dingen von Kindern<\/p>\n\t\t<\/div>\n\t\t\n\t\t<a class=\"elementor-post__read-more\" href=\"https:\/\/www.cdu-fraktion-hamburg-mitte.de\/cms\/rotgruen-als-totengraeber-des-kinderbauernhofs-kirchdorf-sued\/\" aria-label=\"Mehr \u00fcber Rotgr\u00fcn als Totengr\u00e4ber des Kinderbauernhofs Kirchdorf-S\u00fcd\" tabindex=\"-1\" >\n\t\t\tWeiterlesen \u00bb\t\t<\/a>\n\n\t\t\t\t<\/div>\n\t\t\t\t<div class=\"elementor-post__meta-data\">\n\t\t\t\t\t<span class=\"elementor-post-author\">\n\t\t\tfraktion\t\t<\/span>\n\t\t\t\t<span class=\"elementor-post-date\">\n\t\t\t17. M\u00e4rz 2026\t\t<\/span>\n\t\t\t\t<\/div>\n\t\t\t\t\t<\/div>\n\t\t<\/article>\n\t\t\t\t<article class=\"elementor-post elementor-grid-item post-14039 post type-post status-publish format-standard has-post-thumbnail hentry category-finkenwerder tag-deicherhoehung tag-deichsicherheit tag-finkenwerder\" role=\"listitem\">\n\t\t\t<div class=\"elementor-post__card\">\n\t\t\t\t<a class=\"elementor-post__thumbnail__link\" href=\"https:\/\/www.cdu-fraktion-hamburg-mitte.de\/cms\/schutz-fuer-finkenwerder-staerken-deicherhoehung-voranbringen\/\" tabindex=\"-1\" ><div class=\"elementor-post__thumbnail\"><img loading=\"lazy\" decoding=\"async\" width=\"640\" height=\"853\" src=\"https:\/\/www.cdu-fraktion-hamburg-mitte.de\/cms\/wp-content\/uploads\/2026\/02\/Wille_Pascal_Deich-640x853.jpg\" class=\"attachment-medium size-medium wp-image-14040\" alt=\"\" srcset=\"https:\/\/www.cdu-fraktion-hamburg-mitte.de\/cms\/wp-content\/uploads\/2026\/02\/Wille_Pascal_Deich-640x853.jpg 640w, https:\/\/www.cdu-fraktion-hamburg-mitte.de\/cms\/wp-content\/uploads\/2026\/02\/Wille_Pascal_Deich-1280x1707.jpg 1280w, https:\/\/www.cdu-fraktion-hamburg-mitte.de\/cms\/wp-content\/uploads\/2026\/02\/Wille_Pascal_Deich-768x1024.jpg 768w, https:\/\/www.cdu-fraktion-hamburg-mitte.de\/cms\/wp-content\/uploads\/2026\/02\/Wille_Pascal_Deich-1152x1536.jpg 1152w, https:\/\/www.cdu-fraktion-hamburg-mitte.de\/cms\/wp-content\/uploads\/2026\/02\/Wille_Pascal_Deich-1536x2048.jpg 1536w, https:\/\/www.cdu-fraktion-hamburg-mitte.de\/cms\/wp-content\/uploads\/2026\/02\/Wille_Pascal_Deich-370x493.jpg 370w, https:\/\/www.cdu-fraktion-hamburg-mitte.de\/cms\/wp-content\/uploads\/2026\/02\/Wille_Pascal_Deich-760x1013.jpg 760w, https:\/\/www.cdu-fraktion-hamburg-mitte.de\/cms\/wp-content\/uploads\/2026\/02\/Wille_Pascal_Deich-1520x2027.jpg 1520w, https:\/\/www.cdu-fraktion-hamburg-mitte.de\/cms\/wp-content\/uploads\/2026\/02\/Wille_Pascal_Deich-570x760.jpg 570w, https:\/\/www.cdu-fraktion-hamburg-mitte.de\/cms\/wp-content\/uploads\/2026\/02\/Wille_Pascal_Deich-1140x1520.jpg 1140w, https:\/\/www.cdu-fraktion-hamburg-mitte.de\/cms\/wp-content\/uploads\/2026\/02\/Wille_Pascal_Deich-740x986.jpg 740w, https:\/\/www.cdu-fraktion-hamburg-mitte.de\/cms\/wp-content\/uploads\/2026\/02\/Wille_Pascal_Deich-scaled.jpg 1920w\" sizes=\"(max-width: 640px) 100vw, 640px\" \/><\/div><\/a>\n\t\t\t\t<div class=\"elementor-post__badge\">Finkenwerder<\/div>\n\t\t\t\t<div class=\"elementor-post__avatar\">\n\t\t\t<img data-del=\"avatar\" alt=\"fraktion\" src='https:\/\/www.cdu-fraktion-hamburg-mitte.de\/cms\/wp-content\/uploads\/2023\/11\/CDU-Logo-Avatar-150x150.png' class='avatar pp-user-avatar avatar-128 photo ' height='128' width='128'\/>\t\t<\/div>\n\t\t\t\t<div class=\"elementor-post__text\">\n\t\t\t\t<h3 class=\"elementor-post__title\">\n\t\t\t<a href=\"https:\/\/www.cdu-fraktion-hamburg-mitte.de\/cms\/schutz-fuer-finkenwerder-staerken-deicherhoehung-voranbringen\/\" >\n\t\t\t\tSchutz f\u00fcr Finkenwerder st\u00e4rken \u2013 Deicherh\u00f6hung voranbringen\t\t\t<\/a>\n\t\t<\/h3>\n\t\t\t\t<div class=\"elementor-post__excerpt\">\n\t\t\t<p>CDU-Politiker fordert klare Priorit\u00e4t f\u00fcr den Stadtteil Die geplante Deicherh\u00f6hung im Hamburger S\u00fcden ist aus Sicht der CDU ein zentrales Infrastrukturprojekt f\u00fcr die Sicherheit und Zukunftsf\u00e4higkeit des Stadtteils. Angesichts steigender Anforderungen an den Hochwasserschutz brauche Finkenwerder verl\u00e4ssliche Planungen und einen klaren Zeitrahmen f\u00fcr die Umsetzung. Dazu erkl\u00e4rt das CDU-Mitglied im<\/p>\n\t\t<\/div>\n\t\t\n\t\t<a class=\"elementor-post__read-more\" href=\"https:\/\/www.cdu-fraktion-hamburg-mitte.de\/cms\/schutz-fuer-finkenwerder-staerken-deicherhoehung-voranbringen\/\" aria-label=\"Mehr \u00fcber Schutz f\u00fcr Finkenwerder st\u00e4rken \u2013 Deicherh\u00f6hung voranbringen\" tabindex=\"-1\" >\n\t\t\tWeiterlesen \u00bb\t\t<\/a>\n\n\t\t\t\t<\/div>\n\t\t\t\t<div class=\"elementor-post__meta-data\">\n\t\t\t\t\t<span class=\"elementor-post-author\">\n\t\t\tfraktion\t\t<\/span>\n\t\t\t\t<span class=\"elementor-post-date\">\n\t\t\t19. Februar 2026\t\t<\/span>\n\t\t\t\t<\/div>\n\t\t\t\t\t<\/div>\n\t\t<\/article>\n\t\t\t\t<article class=\"elementor-post elementor-grid-item post-14035 post type-post status-publish format-standard has-post-thumbnail hentry category-finkenwerder tag-faehren tag-finkenwerder tag-hadag tag-pascal-wille\" role=\"listitem\">\n\t\t\t<div class=\"elementor-post__card\">\n\t\t\t\t<a class=\"elementor-post__thumbnail__link\" href=\"https:\/\/www.cdu-fraktion-hamburg-mitte.de\/cms\/cdu-finkenwerder-schluss-mit-ausfaellen-und-personalmangel-bei-der-hadag\/\" tabindex=\"-1\" ><div class=\"elementor-post__thumbnail\"><img loading=\"lazy\" decoding=\"async\" width=\"640\" height=\"605\" src=\"https:\/\/www.cdu-fraktion-hamburg-mitte.de\/cms\/wp-content\/uploads\/2026\/02\/Wille_Pascal_2026-scaled-e1770101376286-640x605.jpg\" class=\"attachment-medium size-medium wp-image-14036\" alt=\"\" srcset=\"https:\/\/www.cdu-fraktion-hamburg-mitte.de\/cms\/wp-content\/uploads\/2026\/02\/Wille_Pascal_2026-scaled-e1770101376286-640x605.jpg 640w, https:\/\/www.cdu-fraktion-hamburg-mitte.de\/cms\/wp-content\/uploads\/2026\/02\/Wille_Pascal_2026-scaled-e1770101376286-1280x1210.jpg 1280w, https:\/\/www.cdu-fraktion-hamburg-mitte.de\/cms\/wp-content\/uploads\/2026\/02\/Wille_Pascal_2026-scaled-e1770101376286-768x726.jpg 768w, https:\/\/www.cdu-fraktion-hamburg-mitte.de\/cms\/wp-content\/uploads\/2026\/02\/Wille_Pascal_2026-scaled-e1770101376286-1536x1452.jpg 1536w, https:\/\/www.cdu-fraktion-hamburg-mitte.de\/cms\/wp-content\/uploads\/2026\/02\/Wille_Pascal_2026-scaled-e1770101376286-370x350.jpg 370w, https:\/\/www.cdu-fraktion-hamburg-mitte.de\/cms\/wp-content\/uploads\/2026\/02\/Wille_Pascal_2026-scaled-e1770101376286-760x718.jpg 760w, https:\/\/www.cdu-fraktion-hamburg-mitte.de\/cms\/wp-content\/uploads\/2026\/02\/Wille_Pascal_2026-scaled-e1770101376286-1520x1437.jpg 1520w, https:\/\/www.cdu-fraktion-hamburg-mitte.de\/cms\/wp-content\/uploads\/2026\/02\/Wille_Pascal_2026-scaled-e1770101376286-570x539.jpg 570w, https:\/\/www.cdu-fraktion-hamburg-mitte.de\/cms\/wp-content\/uploads\/2026\/02\/Wille_Pascal_2026-scaled-e1770101376286-1140x1078.jpg 1140w, https:\/\/www.cdu-fraktion-hamburg-mitte.de\/cms\/wp-content\/uploads\/2026\/02\/Wille_Pascal_2026-scaled-e1770101376286.jpg 1643w\" sizes=\"(max-width: 640px) 100vw, 640px\" \/><\/div><\/a>\n\t\t\t\t<div class=\"elementor-post__badge\">Finkenwerder<\/div>\n\t\t\t\t<div class=\"elementor-post__avatar\">\n\t\t\t<img data-del=\"avatar\" alt=\"fraktion\" src='https:\/\/www.cdu-fraktion-hamburg-mitte.de\/cms\/wp-content\/uploads\/2023\/11\/CDU-Logo-Avatar-150x150.png' class='avatar pp-user-avatar avatar-128 photo ' height='128' width='128'\/>\t\t<\/div>\n\t\t\t\t<div class=\"elementor-post__text\">\n\t\t\t\t<h3 class=\"elementor-post__title\">\n\t\t\t<a href=\"https:\/\/www.cdu-fraktion-hamburg-mitte.de\/cms\/cdu-finkenwerder-schluss-mit-ausfaellen-und-personalmangel-bei-der-hadag\/\" >\n\t\t\t\tCDU-Finkenwerder: Schluss mit Ausf\u00e4llen und Personalmangel bei der HADAG\t\t\t<\/a>\n\t\t<\/h3>\n\t\t\t\t<div class=\"elementor-post__excerpt\">\n\t\t\t<p>Die Ausf\u00fchrungen der HADAG im letzten Regionalausschuss Finkenwerder zu der Personallage und Ausfallquote im F\u00e4hrverkehr hat nach Ansicht der \u00f6rtlichen CDU erneut deutlich gemacht, dass der Schiffsverkehr von und nach Finkenwerder weiterhin massiv beeintr\u00e4chtigt ist \u2013 mit sp\u00fcrbaren Folgen f\u00fcr Pendlerinnen und Pendler, Sch\u00fclerinnen und Sch\u00fcler sowie die lokale Wirtschaft.<\/p>\n\t\t<\/div>\n\t\t\n\t\t<a class=\"elementor-post__read-more\" href=\"https:\/\/www.cdu-fraktion-hamburg-mitte.de\/cms\/cdu-finkenwerder-schluss-mit-ausfaellen-und-personalmangel-bei-der-hadag\/\" aria-label=\"Mehr \u00fcber CDU-Finkenwerder: Schluss mit Ausf\u00e4llen und Personalmangel bei der HADAG\" tabindex=\"-1\" >\n\t\t\tWeiterlesen \u00bb\t\t<\/a>\n\n\t\t\t\t<\/div>\n\t\t\t\t<div class=\"elementor-post__meta-data\">\n\t\t\t\t\t<span class=\"elementor-post-author\">\n\t\t\tfraktion\t\t<\/span>\n\t\t\t\t<span class=\"elementor-post-date\">\n\t\t\t3. Februar 2026\t\t<\/span>\n\t\t\t\t<\/div>\n\t\t\t\t\t<\/div>\n\t\t<\/article>\n\t\t\t\t<article class=\"elementor-post elementor-grid-item post-14031 post type-post status-publish format-standard has-post-thumbnail hentry category-aktuelles tag-baustellen tag-cityausschuss tag-dr-gunter-boettcher tag-hafencity tag-lohsepark tag-rando-aust tag-treppenanlage tag-ueberseeallee\" role=\"listitem\">\n\t\t\t<div class=\"elementor-post__card\">\n\t\t\t\t<a class=\"elementor-post__thumbnail__link\" href=\"https:\/\/www.cdu-fraktion-hamburg-mitte.de\/cms\/sperrung-der-treppenanlage-hafencity-verlaengerung-lohsepark-ueberseeallee-cdu-bezirksfraktion-fragt-nach-doch-viele-fragen-bleiben-offen\/\" tabindex=\"-1\" ><div class=\"elementor-post__thumbnail\"><img loading=\"lazy\" decoding=\"async\" width=\"360\" height=\"240\" src=\"https:\/\/www.cdu-fraktion-hamburg-mitte.de\/cms\/wp-content\/uploads\/2026\/01\/Bauzaun.jpg\" class=\"attachment-medium size-medium wp-image-14032\" alt=\"\" \/><\/div><\/a>\n\t\t\t\t<div class=\"elementor-post__badge\">Aktuelles<\/div>\n\t\t\t\t<div class=\"elementor-post__avatar\">\n\t\t\t<img data-del=\"avatar\" alt=\"fraktion\" src='https:\/\/www.cdu-fraktion-hamburg-mitte.de\/cms\/wp-content\/uploads\/2023\/11\/CDU-Logo-Avatar-150x150.png' class='avatar pp-user-avatar avatar-128 photo ' height='128' width='128'\/>\t\t<\/div>\n\t\t\t\t<div class=\"elementor-post__text\">\n\t\t\t\t<h3 class=\"elementor-post__title\">\n\t\t\t<a href=\"https:\/\/www.cdu-fraktion-hamburg-mitte.de\/cms\/sperrung-der-treppenanlage-hafencity-verlaengerung-lohsepark-ueberseeallee-cdu-bezirksfraktion-fragt-nach-doch-viele-fragen-bleiben-offen\/\" >\n\t\t\t\tSperrung der Treppenanlage HafenCity \u2013 Verl\u00e4ngerung Lohsepark \/\u00dcberseeallee \u2013 CDU-Bezirksfraktion fragt nach, doch viele Fragen bleiben offen\t\t\t<\/a>\n\t\t<\/h3>\n\t\t\t\t<div class=\"elementor-post__excerpt\">\n\t\t\t<p>Seit Juli 2025 ist die Treppenanlage in der Verl\u00e4ngerung des Lohsepark an der \u00dcberseeallee neben der HafenCity Universit\u00e4t durch Absperrgitter abgeriegelt. Es gibt keinen erkennbaren Grund wie bspw. Baut\u00e4tigkeiten, die die Sperrung erkl\u00e4ren. Dies veranlasste die CDU-Bezirksfraktion zu einer Anfrage. Die Beh\u00f6rde f\u00fcr Stadtentwicklung und Wohnen (BSW) nahm daraufhin Stellung<\/p>\n\t\t<\/div>\n\t\t\n\t\t<a class=\"elementor-post__read-more\" href=\"https:\/\/www.cdu-fraktion-hamburg-mitte.de\/cms\/sperrung-der-treppenanlage-hafencity-verlaengerung-lohsepark-ueberseeallee-cdu-bezirksfraktion-fragt-nach-doch-viele-fragen-bleiben-offen\/\" aria-label=\"Mehr \u00fcber Sperrung der Treppenanlage HafenCity \u2013 Verl\u00e4ngerung Lohsepark \/\u00dcberseeallee \u2013 CDU-Bezirksfraktion fragt nach, doch viele Fragen bleiben offen\" tabindex=\"-1\" >\n\t\t\tWeiterlesen \u00bb\t\t<\/a>\n\n\t\t\t\t<\/div>\n\t\t\t\t<div class=\"elementor-post__meta-data\">\n\t\t\t\t\t<span class=\"elementor-post-author\">\n\t\t\tfraktion\t\t<\/span>\n\t\t\t\t<span class=\"elementor-post-date\">\n\t\t\t13. Januar 2026\t\t<\/span>\n\t\t\t\t<\/div>\n\t\t\t\t\t<\/div>\n\t\t<\/article>\n\t\t\t\t<article class=\"elementor-post elementor-grid-item post-14027 post type-post status-publish format-standard has-post-thumbnail hentry category-aktuelles tag-busanbindung tag-georgswerder tag-joern-frommann tag-regionalausschuss-wilhelmsburg-veddel\" role=\"listitem\">\n\t\t\t<div class=\"elementor-post__card\">\n\t\t\t\t<a class=\"elementor-post__thumbnail__link\" href=\"https:\/\/www.cdu-fraktion-hamburg-mitte.de\/cms\/rotgruener-realitaetsverlust-autoarmes-quartier-mit-reduzierter-busanbindung\/\" tabindex=\"-1\" ><div class=\"elementor-post__thumbnail\"><img decoding=\"async\" width=\"600\" height=\"600\" src=\"https:\/\/www.cdu-fraktion-hamburg-mitte.de\/cms\/wp-content\/uploads\/2024\/07\/Frommann.jpg\" class=\"attachment-medium size-medium wp-image-13551\" alt=\"J\u00f6rn Frommann\" srcset=\"https:\/\/www.cdu-fraktion-hamburg-mitte.de\/cms\/wp-content\/uploads\/2024\/07\/Frommann.jpg 600w, https:\/\/www.cdu-fraktion-hamburg-mitte.de\/cms\/wp-content\/uploads\/2024\/07\/Frommann-160x160.jpg 160w, https:\/\/www.cdu-fraktion-hamburg-mitte.de\/cms\/wp-content\/uploads\/2024\/07\/Frommann-150x150.jpg 150w, https:\/\/www.cdu-fraktion-hamburg-mitte.de\/cms\/wp-content\/uploads\/2024\/07\/Frommann-70x70.jpg 70w, https:\/\/www.cdu-fraktion-hamburg-mitte.de\/cms\/wp-content\/uploads\/2024\/07\/Frommann-370x370.jpg 370w, https:\/\/www.cdu-fraktion-hamburg-mitte.de\/cms\/wp-content\/uploads\/2024\/07\/Frommann-90x90.jpg 90w, https:\/\/www.cdu-fraktion-hamburg-mitte.de\/cms\/wp-content\/uploads\/2024\/07\/Frommann-180x180.jpg 180w, https:\/\/www.cdu-fraktion-hamburg-mitte.de\/cms\/wp-content\/uploads\/2024\/07\/Frommann-570x570.jpg 570w\" sizes=\"(max-width: 600px) 100vw, 600px\" \/><\/div><\/a>\n\t\t\t\t<div class=\"elementor-post__badge\">Aktuelles<\/div>\n\t\t\t\t<div class=\"elementor-post__avatar\">\n\t\t\t<img data-del=\"avatar\" alt=\"fraktion\" src='https:\/\/www.cdu-fraktion-hamburg-mitte.de\/cms\/wp-content\/uploads\/2023\/11\/CDU-Logo-Avatar-150x150.png' class='avatar pp-user-avatar avatar-128 photo ' height='128' width='128'\/>\t\t<\/div>\n\t\t\t\t<div class=\"elementor-post__text\">\n\t\t\t\t<h3 class=\"elementor-post__title\">\n\t\t\t<a href=\"https:\/\/www.cdu-fraktion-hamburg-mitte.de\/cms\/rotgruener-realitaetsverlust-autoarmes-quartier-mit-reduzierter-busanbindung\/\" >\n\t\t\t\tRotgr\u00fcner Realit\u00e4tsverlust &#8211; Autoarmes Quartier mit reduzierter Busanbindung\t\t\t<\/a>\n\t\t<\/h3>\n\t\t\t\t<div class=\"elementor-post__excerpt\">\n\t\t\t<p>Die Posse um das autoarme Quartier &#8222;Kirchenwiese&#8220; in Georgswerder nimmt immer bizarrere Formen an. W\u00e4hrend die Stadt und die Saga die Vergabe ihrer 58 gef\u00f6rderten Mietwohnungen an die Bedingung kn\u00fcpfen wollen, dass die Mieter keine Pkws besitzen d\u00fcrfen, streicht die Hamburger Hochbahn spontan ab 14.12.2025 die Taktung der einzigen Buslinie<\/p>\n\t\t<\/div>\n\t\t\n\t\t<a class=\"elementor-post__read-more\" href=\"https:\/\/www.cdu-fraktion-hamburg-mitte.de\/cms\/rotgruener-realitaetsverlust-autoarmes-quartier-mit-reduzierter-busanbindung\/\" aria-label=\"Mehr \u00fcber Rotgr\u00fcner Realit\u00e4tsverlust &#8211; Autoarmes Quartier mit reduzierter Busanbindung\" tabindex=\"-1\" >\n\t\t\tWeiterlesen \u00bb\t\t<\/a>\n\n\t\t\t\t<\/div>\n\t\t\t\t<div class=\"elementor-post__meta-data\">\n\t\t\t\t\t<span class=\"elementor-post-author\">\n\t\t\tfraktion\t\t<\/span>\n\t\t\t\t<span class=\"elementor-post-date\">\n\t\t\t11. Dezember 2025\t\t<\/span>\n\t\t\t\t<\/div>\n\t\t\t\t\t<\/div>\n\t\t<\/article>\n\t\t\t\t<article class=\"elementor-post elementor-grid-item post-14024 post type-post status-publish format-standard has-post-thumbnail hentry category-pressemitteilung tag-georgswerder tag-joern-frommann tag-regionalausschuss-wilhelmsburg-veddel tag-saga tag-wohnungspolitik\" role=\"listitem\">\n\t\t\t<div class=\"elementor-post__card\">\n\t\t\t\t<a class=\"elementor-post__thumbnail__link\" href=\"https:\/\/www.cdu-fraktion-hamburg-mitte.de\/cms\/cdu-wirft-saga-diskriminierende-wohnungspolitik-vor-gefoerderte-wohnungen-in-georgswerder-muessen-allen-buergern-angeboten-werden\/\" tabindex=\"-1\" ><div class=\"elementor-post__thumbnail\"><img decoding=\"async\" width=\"600\" height=\"600\" src=\"https:\/\/www.cdu-fraktion-hamburg-mitte.de\/cms\/wp-content\/uploads\/2024\/07\/Frommann.jpg\" class=\"attachment-medium size-medium wp-image-13551\" alt=\"J\u00f6rn Frommann\" srcset=\"https:\/\/www.cdu-fraktion-hamburg-mitte.de\/cms\/wp-content\/uploads\/2024\/07\/Frommann.jpg 600w, https:\/\/www.cdu-fraktion-hamburg-mitte.de\/cms\/wp-content\/uploads\/2024\/07\/Frommann-160x160.jpg 160w, https:\/\/www.cdu-fraktion-hamburg-mitte.de\/cms\/wp-content\/uploads\/2024\/07\/Frommann-150x150.jpg 150w, https:\/\/www.cdu-fraktion-hamburg-mitte.de\/cms\/wp-content\/uploads\/2024\/07\/Frommann-70x70.jpg 70w, https:\/\/www.cdu-fraktion-hamburg-mitte.de\/cms\/wp-content\/uploads\/2024\/07\/Frommann-370x370.jpg 370w, https:\/\/www.cdu-fraktion-hamburg-mitte.de\/cms\/wp-content\/uploads\/2024\/07\/Frommann-90x90.jpg 90w, https:\/\/www.cdu-fraktion-hamburg-mitte.de\/cms\/wp-content\/uploads\/2024\/07\/Frommann-180x180.jpg 180w, https:\/\/www.cdu-fraktion-hamburg-mitte.de\/cms\/wp-content\/uploads\/2024\/07\/Frommann-570x570.jpg 570w\" sizes=\"(max-width: 600px) 100vw, 600px\" \/><\/div><\/a>\n\t\t\t\t<div class=\"elementor-post__badge\">Pressemitteilungen<\/div>\n\t\t\t\t<div class=\"elementor-post__avatar\">\n\t\t\t<img data-del=\"avatar\" alt=\"fraktion\" src='https:\/\/www.cdu-fraktion-hamburg-mitte.de\/cms\/wp-content\/uploads\/2023\/11\/CDU-Logo-Avatar-150x150.png' class='avatar pp-user-avatar avatar-128 photo ' height='128' width='128'\/>\t\t<\/div>\n\t\t\t\t<div class=\"elementor-post__text\">\n\t\t\t\t<h3 class=\"elementor-post__title\">\n\t\t\t<a href=\"https:\/\/www.cdu-fraktion-hamburg-mitte.de\/cms\/cdu-wirft-saga-diskriminierende-wohnungspolitik-vor-gefoerderte-wohnungen-in-georgswerder-muessen-allen-buergern-angeboten-werden\/\" >\n\t\t\t\tCDU wirft SAGA diskriminierende Wohnungspolitik vor | Gef\u00f6rderte Wohnungen in Georgswerder m\u00fcssen allen B\u00fcrgern angeboten werden!\t\t\t<\/a>\n\t\t<\/h3>\n\t\t\t\t<div class=\"elementor-post__excerpt\">\n\t\t\t<p>Mit gro\u00dfem Erstaunen hat die CDU Hamburg-Mitte die Pl\u00e4ne der Wohnungsbaugenossenschaft SAGA zur Kenntnis genommen, dass die 58 nach langer Planungsdauer entstehenden Wohnungen in Georgswerder nunmehr bei der Vergabe mit einer Vertragsklausel verbunden werden sollen, die verbietet, dass die Mieter einen Pkw besitzen. &#8222;Weder ist dies im Vorwege mit der<\/p>\n\t\t<\/div>\n\t\t\n\t\t<a class=\"elementor-post__read-more\" href=\"https:\/\/www.cdu-fraktion-hamburg-mitte.de\/cms\/cdu-wirft-saga-diskriminierende-wohnungspolitik-vor-gefoerderte-wohnungen-in-georgswerder-muessen-allen-buergern-angeboten-werden\/\" aria-label=\"Mehr \u00fcber CDU wirft SAGA diskriminierende Wohnungspolitik vor | Gef\u00f6rderte Wohnungen in Georgswerder m\u00fcssen allen B\u00fcrgern angeboten werden!\" tabindex=\"-1\" >\n\t\t\tWeiterlesen \u00bb\t\t<\/a>\n\n\t\t\t\t<\/div>\n\t\t\t\t<div class=\"elementor-post__meta-data\">\n\t\t\t\t\t<span class=\"elementor-post-author\">\n\t\t\tfraktion\t\t<\/span>\n\t\t\t\t<span class=\"elementor-post-date\">\n\t\t\t4. Dezember 2025\t\t<\/span>\n\t\t\t\t<\/div>\n\t\t\t\t\t<\/div>\n\t\t<\/article>\n\t\t\t\t<article class=\"elementor-post elementor-grid-item post-14019 post type-post status-publish format-standard has-post-thumbnail hentry category-pressemitteilung tag-joseph-johannsen tag-wohnungspolitik\" role=\"listitem\">\n\t\t\t<div class=\"elementor-post__card\">\n\t\t\t\t<a class=\"elementor-post__thumbnail__link\" href=\"https:\/\/www.cdu-fraktion-hamburg-mitte.de\/cms\/rot-gruen-verlaengert-buerokratieinstrument-ohne-beweise-fuer-wirksamkeit-cdu-fordert-ehrliche-bestandsaufnahme-der-wohnungspolitik\/\" tabindex=\"-1\" ><div class=\"elementor-post__thumbnail\"><img loading=\"lazy\" decoding=\"async\" width=\"600\" height=\"600\" src=\"https:\/\/www.cdu-fraktion-hamburg-mitte.de\/cms\/wp-content\/uploads\/2024\/07\/Joseph-Johannsen_2.jpg\" class=\"attachment-medium size-medium wp-image-13474\" alt=\"Joseph Johannsen\" srcset=\"https:\/\/www.cdu-fraktion-hamburg-mitte.de\/cms\/wp-content\/uploads\/2024\/07\/Joseph-Johannsen_2.jpg 600w, https:\/\/www.cdu-fraktion-hamburg-mitte.de\/cms\/wp-content\/uploads\/2024\/07\/Joseph-Johannsen_2-160x160.jpg 160w, https:\/\/www.cdu-fraktion-hamburg-mitte.de\/cms\/wp-content\/uploads\/2024\/07\/Joseph-Johannsen_2-150x150.jpg 150w, https:\/\/www.cdu-fraktion-hamburg-mitte.de\/cms\/wp-content\/uploads\/2024\/07\/Joseph-Johannsen_2-70x70.jpg 70w, https:\/\/www.cdu-fraktion-hamburg-mitte.de\/cms\/wp-content\/uploads\/2024\/07\/Joseph-Johannsen_2-370x370.jpg 370w, https:\/\/www.cdu-fraktion-hamburg-mitte.de\/cms\/wp-content\/uploads\/2024\/07\/Joseph-Johannsen_2-90x90.jpg 90w, https:\/\/www.cdu-fraktion-hamburg-mitte.de\/cms\/wp-content\/uploads\/2024\/07\/Joseph-Johannsen_2-180x180.jpg 180w, https:\/\/www.cdu-fraktion-hamburg-mitte.de\/cms\/wp-content\/uploads\/2024\/07\/Joseph-Johannsen_2-570x570.jpg 570w\" sizes=\"(max-width: 600px) 100vw, 600px\" \/><\/div><\/a>\n\t\t\t\t<div class=\"elementor-post__badge\">Pressemitteilungen<\/div>\n\t\t\t\t<div class=\"elementor-post__avatar\">\n\t\t\t<img data-del=\"avatar\" alt=\"fraktion\" src='https:\/\/www.cdu-fraktion-hamburg-mitte.de\/cms\/wp-content\/uploads\/2023\/11\/CDU-Logo-Avatar-150x150.png' class='avatar pp-user-avatar avatar-128 photo ' height='128' width='128'\/>\t\t<\/div>\n\t\t\t\t<div class=\"elementor-post__text\">\n\t\t\t\t<h3 class=\"elementor-post__title\">\n\t\t\t<a href=\"https:\/\/www.cdu-fraktion-hamburg-mitte.de\/cms\/rot-gruen-verlaengert-buerokratieinstrument-ohne-beweise-fuer-wirksamkeit-cdu-fordert-ehrliche-bestandsaufnahme-der-wohnungspolitik\/\" >\n\t\t\t\tRot-Gr\u00fcn verl\u00e4ngert B\u00fcrokratieinstrument ohne Beweise f\u00fcr Wirksamkeit \u2013 CDU fordert ehrliche Bestandsaufnahme der Wohnungspolitik\t\t\t<\/a>\n\t\t<\/h3>\n\t\t\t\t<div class=\"elementor-post__excerpt\">\n\t\t\t<p>Zur Antwort des rot-gr\u00fcnen Senats auf die Kleine Anfrage \u201eWirksamkeit und geplanter Neuerlass der Verordnung \u00fcber die Einf\u00fchrung einer Genehmigungspflicht f\u00fcr die Bildung von Wohnungseigentum\u201c (Drucksache 23\/1900), die auf Initiative vom Bezirksabgeordneten Joseph Johannsen und in Kooperation mit der CDU-B\u00fcrgerschaftsfraktion gestellt wurde, erkl\u00e4rt der Baupolitische Sprecher der CDU-Bezirksfaktion in Hamburg<\/p>\n\t\t<\/div>\n\t\t\n\t\t<a class=\"elementor-post__read-more\" href=\"https:\/\/www.cdu-fraktion-hamburg-mitte.de\/cms\/rot-gruen-verlaengert-buerokratieinstrument-ohne-beweise-fuer-wirksamkeit-cdu-fordert-ehrliche-bestandsaufnahme-der-wohnungspolitik\/\" aria-label=\"Mehr \u00fcber Rot-Gr\u00fcn verl\u00e4ngert B\u00fcrokratieinstrument ohne Beweise f\u00fcr Wirksamkeit \u2013 CDU fordert ehrliche Bestandsaufnahme der Wohnungspolitik\" tabindex=\"-1\" >\n\t\t\tWeiterlesen \u00bb\t\t<\/a>\n\n\t\t\t\t<\/div>\n\t\t\t\t<div class=\"elementor-post__meta-data\">\n\t\t\t\t\t<span class=\"elementor-post-author\">\n\t\t\tfraktion\t\t<\/span>\n\t\t\t\t<span class=\"elementor-post-date\">\n\t\t\t20. November 2025\t\t<\/span>\n\t\t\t\t<\/div>\n\t\t\t\t\t<\/div>\n\t\t<\/article>\n\t\t\t\t<article class=\"elementor-post elementor-grid-item post-13997 post type-post status-publish format-standard has-post-thumbnail hentry category-aktuelles tag-boot-e-v tag-hamm tag-osterbrookplatz\" role=\"listitem\">\n\t\t\t<div class=\"elementor-post__card\">\n\t\t\t\t<a class=\"elementor-post__thumbnail__link\" href=\"https:\/\/www.cdu-fraktion-hamburg-mitte.de\/cms\/boot-e-v-bleibt-an-der-bille-standort-am-osterbrookplatz-gesichert\/\" tabindex=\"-1\" ><div class=\"elementor-post__thumbnail\"><img loading=\"lazy\" decoding=\"async\" width=\"362\" height=\"240\" src=\"https:\/\/www.cdu-fraktion-hamburg-mitte.de\/cms\/wp-content\/uploads\/2025\/11\/Kanu.jpg\" class=\"attachment-medium size-medium wp-image-13998\" alt=\"\" \/><\/div><\/a>\n\t\t\t\t<div class=\"elementor-post__badge\">Aktuelles<\/div>\n\t\t\t\t<div class=\"elementor-post__avatar\">\n\t\t\t<img data-del=\"avatar\" alt=\"fraktion\" src='https:\/\/www.cdu-fraktion-hamburg-mitte.de\/cms\/wp-content\/uploads\/2023\/11\/CDU-Logo-Avatar-150x150.png' class='avatar pp-user-avatar avatar-128 photo ' height='128' width='128'\/>\t\t<\/div>\n\t\t\t\t<div class=\"elementor-post__text\">\n\t\t\t\t<h3 class=\"elementor-post__title\">\n\t\t\t<a href=\"https:\/\/www.cdu-fraktion-hamburg-mitte.de\/cms\/boot-e-v-bleibt-an-der-bille-standort-am-osterbrookplatz-gesichert\/\" >\n\t\t\t\tBOOT e.V. bleibt an der Bille \u2013 Standort am Osterbrookplatz gesichert\t\t\t<\/a>\n\t\t<\/h3>\n\t\t\t\t<div class=\"elementor-post__excerpt\">\n\t\t\t<p>Das in der Nachbarschaft verwurzelte Kulturprojekt \u201eDas Boot\u201c hat seit 2016 einen Ort geschaffen, der f\u00fcr alle offen ist und einen lebendigen Platz f\u00fcr die Nachbarschaft bietet. Ende dieses Jahres w\u00e4re der Pachtvertrag f\u00fcr das Grundst\u00fcck am Wasser ausgelaufen, doch jetzt wurde der Pachtvertrag ab dem 1. Januar 2026 um<\/p>\n\t\t<\/div>\n\t\t\n\t\t<a class=\"elementor-post__read-more\" href=\"https:\/\/www.cdu-fraktion-hamburg-mitte.de\/cms\/boot-e-v-bleibt-an-der-bille-standort-am-osterbrookplatz-gesichert\/\" aria-label=\"Mehr \u00fcber BOOT e.V. bleibt an der Bille \u2013 Standort am Osterbrookplatz gesichert\" tabindex=\"-1\" >\n\t\t\tWeiterlesen \u00bb\t\t<\/a>\n\n\t\t\t\t<\/div>\n\t\t\t\t<div class=\"elementor-post__meta-data\">\n\t\t\t\t\t<span class=\"elementor-post-author\">\n\t\t\tfraktion\t\t<\/span>\n\t\t\t\t<span class=\"elementor-post-date\">\n\t\t\t12. November 2025\t\t<\/span>\n\t\t\t\t<\/div>\n\t\t\t\t\t<\/div>\n\t\t<\/article>\n\t\t\t\t<article class=\"elementor-post elementor-grid-item post-13994 post type-post status-publish format-standard has-post-thumbnail hentry category-aktuelles\" role=\"listitem\">\n\t\t\t<div class=\"elementor-post__card\">\n\t\t\t\t<a class=\"elementor-post__thumbnail__link\" href=\"https:\/\/www.cdu-fraktion-hamburg-mitte.de\/cms\/miteinander-in-hamburg-mitte\/\" tabindex=\"-1\" ><div class=\"elementor-post__thumbnail\"><img loading=\"lazy\" decoding=\"async\" width=\"640\" height=\"427\" src=\"https:\/\/www.cdu-fraktion-hamburg-mitte.de\/cms\/wp-content\/uploads\/2025\/11\/Gruppenbild-Preistraeger-Ehrenamtspreis-640x427.png\" class=\"attachment-medium size-medium wp-image-13995\" alt=\"\" srcset=\"https:\/\/www.cdu-fraktion-hamburg-mitte.de\/cms\/wp-content\/uploads\/2025\/11\/Gruppenbild-Preistraeger-Ehrenamtspreis-640x427.png 640w, https:\/\/www.cdu-fraktion-hamburg-mitte.de\/cms\/wp-content\/uploads\/2025\/11\/Gruppenbild-Preistraeger-Ehrenamtspreis-1280x853.png 1280w, https:\/\/www.cdu-fraktion-hamburg-mitte.de\/cms\/wp-content\/uploads\/2025\/11\/Gruppenbild-Preistraeger-Ehrenamtspreis-768x512.png 768w, https:\/\/www.cdu-fraktion-hamburg-mitte.de\/cms\/wp-content\/uploads\/2025\/11\/Gruppenbild-Preistraeger-Ehrenamtspreis-1536x1024.png 1536w, https:\/\/www.cdu-fraktion-hamburg-mitte.de\/cms\/wp-content\/uploads\/2025\/11\/Gruppenbild-Preistraeger-Ehrenamtspreis-370x247.png 370w, https:\/\/www.cdu-fraktion-hamburg-mitte.de\/cms\/wp-content\/uploads\/2025\/11\/Gruppenbild-Preistraeger-Ehrenamtspreis-760x507.png 760w, https:\/\/www.cdu-fraktion-hamburg-mitte.de\/cms\/wp-content\/uploads\/2025\/11\/Gruppenbild-Preistraeger-Ehrenamtspreis-1520x1013.png 1520w, https:\/\/www.cdu-fraktion-hamburg-mitte.de\/cms\/wp-content\/uploads\/2025\/11\/Gruppenbild-Preistraeger-Ehrenamtspreis-570x380.png 570w, https:\/\/www.cdu-fraktion-hamburg-mitte.de\/cms\/wp-content\/uploads\/2025\/11\/Gruppenbild-Preistraeger-Ehrenamtspreis-1140x760.png 1140w, https:\/\/www.cdu-fraktion-hamburg-mitte.de\/cms\/wp-content\/uploads\/2025\/11\/Gruppenbild-Preistraeger-Ehrenamtspreis.png 1569w\" sizes=\"(max-width: 640px) 100vw, 640px\" \/><\/div><\/a>\n\t\t\t\t<div class=\"elementor-post__badge\">Aktuelles<\/div>\n\t\t\t\t<div class=\"elementor-post__avatar\">\n\t\t\t<img data-del=\"avatar\" alt=\"fraktion\" src='https:\/\/www.cdu-fraktion-hamburg-mitte.de\/cms\/wp-content\/uploads\/2023\/11\/CDU-Logo-Avatar-150x150.png' class='avatar pp-user-avatar avatar-128 photo ' height='128' width='128'\/>\t\t<\/div>\n\t\t\t\t<div class=\"elementor-post__text\">\n\t\t\t\t<h3 class=\"elementor-post__title\">\n\t\t\t<a href=\"https:\/\/www.cdu-fraktion-hamburg-mitte.de\/cms\/miteinander-in-hamburg-mitte\/\" >\n\t\t\t\t\u201eMITEINANDER IN HAMBURG-MITTE\u201c\t\t\t<\/a>\n\t\t<\/h3>\n\t\t\t\t<div class=\"elementor-post__excerpt\">\n\t\t\t<p>Mit dem Preis \u201eMiteinander in Hamburg-Mitte\u201c f\u00fcr herausragendes Ehrenamt in Gedenken an Meryem Dagmar \u00c7elikkol hat die Bezirksversammlung Hamburg-Mitte am Sonntag, 2. November 2025 Menschen geehrt, die sich in besonderer Weise engagieren und damit eine Vorbildwirkung f\u00fcr andere haben. Der Preis der Bezirksversammlung Hamburg-Mitte wurde in vier Kategorien vergeben: Ehrenamtliches<\/p>\n\t\t<\/div>\n\t\t\n\t\t<a class=\"elementor-post__read-more\" href=\"https:\/\/www.cdu-fraktion-hamburg-mitte.de\/cms\/miteinander-in-hamburg-mitte\/\" aria-label=\"Mehr \u00fcber \u201eMITEINANDER IN HAMBURG-MITTE\u201c\" tabindex=\"-1\" >\n\t\t\tWeiterlesen \u00bb\t\t<\/a>\n\n\t\t\t\t<\/div>\n\t\t\t\t<div class=\"elementor-post__meta-data\">\n\t\t\t\t\t<span class=\"elementor-post-author\">\n\t\t\tfraktion\t\t<\/span>\n\t\t\t\t<span class=\"elementor-post-date\">\n\t\t\t6. November 2025\t\t<\/span>\n\t\t\t\t<\/div>\n\t\t\t\t\t<\/div>\n\t\t<\/article>\n\t\t\t\t<article class=\"elementor-post elementor-grid-item post-13990 post type-post status-publish format-standard has-post-thumbnail hentry category-aktuelles tag-lohmuehlenpark tag-maik-holm tag-outdoor-sportgeraete tag-st-georg\" role=\"listitem\">\n\t\t\t<div class=\"elementor-post__card\">\n\t\t\t\t<a class=\"elementor-post__thumbnail__link\" href=\"https:\/\/www.cdu-fraktion-hamburg-mitte.de\/cms\/neue-outdoor-sportgeraete-im-lohmuehlenpark-in-st-georg\/\" tabindex=\"-1\" ><div class=\"elementor-post__thumbnail\"><img loading=\"lazy\" decoding=\"async\" width=\"640\" height=\"542\" src=\"https:\/\/www.cdu-fraktion-hamburg-mitte.de\/cms\/wp-content\/uploads\/2025\/11\/Fitnessinsel-Lohmuehlenpark-640x542.jpeg\" class=\"attachment-medium size-medium wp-image-13991\" alt=\"\" srcset=\"https:\/\/www.cdu-fraktion-hamburg-mitte.de\/cms\/wp-content\/uploads\/2025\/11\/Fitnessinsel-Lohmuehlenpark-640x542.jpeg 640w, https:\/\/www.cdu-fraktion-hamburg-mitte.de\/cms\/wp-content\/uploads\/2025\/11\/Fitnessinsel-Lohmuehlenpark-768x651.jpeg 768w, https:\/\/www.cdu-fraktion-hamburg-mitte.de\/cms\/wp-content\/uploads\/2025\/11\/Fitnessinsel-Lohmuehlenpark-370x314.jpeg 370w, https:\/\/www.cdu-fraktion-hamburg-mitte.de\/cms\/wp-content\/uploads\/2025\/11\/Fitnessinsel-Lohmuehlenpark-760x644.jpeg 760w, https:\/\/www.cdu-fraktion-hamburg-mitte.de\/cms\/wp-content\/uploads\/2025\/11\/Fitnessinsel-Lohmuehlenpark-570x483.jpeg 570w, https:\/\/www.cdu-fraktion-hamburg-mitte.de\/cms\/wp-content\/uploads\/2025\/11\/Fitnessinsel-Lohmuehlenpark.jpeg 1036w\" sizes=\"(max-width: 640px) 100vw, 640px\" \/><\/div><\/a>\n\t\t\t\t<div class=\"elementor-post__badge\">Aktuelles<\/div>\n\t\t\t\t<div class=\"elementor-post__avatar\">\n\t\t\t<img data-del=\"avatar\" alt=\"fraktion\" src='https:\/\/www.cdu-fraktion-hamburg-mitte.de\/cms\/wp-content\/uploads\/2023\/11\/CDU-Logo-Avatar-150x150.png' class='avatar pp-user-avatar avatar-128 photo ' height='128' width='128'\/>\t\t<\/div>\n\t\t\t\t<div class=\"elementor-post__text\">\n\t\t\t\t<h3 class=\"elementor-post__title\">\n\t\t\t<a href=\"https:\/\/www.cdu-fraktion-hamburg-mitte.de\/cms\/neue-outdoor-sportgeraete-im-lohmuehlenpark-in-st-georg\/\" >\n\t\t\t\tNeue Outdoor-Sportger\u00e4te im Lohm\u00fchlenpark in St. Georg\t\t\t<\/a>\n\t\t<\/h3>\n\t\t\t\t<div class=\"elementor-post__excerpt\">\n\t\t\t<p>Direkt neben dem bestehenden Multifunktionssportfeld im Lohm\u00fchlenpark gibt es jetzt auf Beschluss der Bezirksversammlung eine neue Kombianlage bestehend aus sechs Outdoor-Sportger\u00e4ten. Ein sto\u00dfd\u00e4mpfender Bodenbelag sorgt f\u00fcr sicheres Training unter freiem Himmel und eine Bodenleitspur erleichtert auch sehbehinderten Menschen die Nutzung der Anlage. Die Finanzierung erfolgte aus Mitteln der Bezirksversammlung und<\/p>\n\t\t<\/div>\n\t\t\n\t\t<a class=\"elementor-post__read-more\" href=\"https:\/\/www.cdu-fraktion-hamburg-mitte.de\/cms\/neue-outdoor-sportgeraete-im-lohmuehlenpark-in-st-georg\/\" aria-label=\"Mehr \u00fcber Neue Outdoor-Sportger\u00e4te im Lohm\u00fchlenpark in St. Georg\" tabindex=\"-1\" >\n\t\t\tWeiterlesen \u00bb\t\t<\/a>\n\n\t\t\t\t<\/div>\n\t\t\t\t<div class=\"elementor-post__meta-data\">\n\t\t\t\t\t<span class=\"elementor-post-author\">\n\t\t\tfraktion\t\t<\/span>\n\t\t\t\t<span class=\"elementor-post-date\">\n\t\t\t3. November 2025\t\t<\/span>\n\t\t\t\t<\/div>\n\t\t\t\t\t<\/div>\n\t\t<\/article>\n\t\t\t\t<article class=\"elementor-post elementor-grid-item post-13979 post type-post status-publish format-standard has-post-thumbnail hentry category-aktuelles tag-budapester-strasse tag-dr-gunter-boettcher tag-ungarischer-volksaufstand\" role=\"listitem\">\n\t\t\t<div class=\"elementor-post__card\">\n\t\t\t\t<a class=\"elementor-post__thumbnail__link\" href=\"https:\/\/www.cdu-fraktion-hamburg-mitte.de\/cms\/hamburg-mitte-erinnert-an-den-ungarischen-volksaufstand-von-1956-erlaeuterungsschild-fuer-die-budapester-strasse-auf-initiative-des-vereins-ungarische-wanderer-e-v-und-der-cdu-fraktion-hamb\/\" tabindex=\"-1\" ><div class=\"elementor-post__thumbnail\"><img loading=\"lazy\" decoding=\"async\" width=\"640\" height=\"333\" src=\"https:\/\/www.cdu-fraktion-hamburg-mitte.de\/cms\/wp-content\/uploads\/2025\/10\/Budapester_Strasse_Schild-640x333.jpg\" class=\"attachment-medium size-medium wp-image-13981\" alt=\"\" srcset=\"https:\/\/www.cdu-fraktion-hamburg-mitte.de\/cms\/wp-content\/uploads\/2025\/10\/Budapester_Strasse_Schild-640x333.jpg 640w, https:\/\/www.cdu-fraktion-hamburg-mitte.de\/cms\/wp-content\/uploads\/2025\/10\/Budapester_Strasse_Schild-1280x665.jpg 1280w, https:\/\/www.cdu-fraktion-hamburg-mitte.de\/cms\/wp-content\/uploads\/2025\/10\/Budapester_Strasse_Schild-768x399.jpg 768w, https:\/\/www.cdu-fraktion-hamburg-mitte.de\/cms\/wp-content\/uploads\/2025\/10\/Budapester_Strasse_Schild-1536x799.jpg 1536w, https:\/\/www.cdu-fraktion-hamburg-mitte.de\/cms\/wp-content\/uploads\/2025\/10\/Budapester_Strasse_Schild-2048x1065.jpg 2048w, https:\/\/www.cdu-fraktion-hamburg-mitte.de\/cms\/wp-content\/uploads\/2025\/10\/Budapester_Strasse_Schild-370x192.jpg 370w, https:\/\/www.cdu-fraktion-hamburg-mitte.de\/cms\/wp-content\/uploads\/2025\/10\/Budapester_Strasse_Schild-760x395.jpg 760w, https:\/\/www.cdu-fraktion-hamburg-mitte.de\/cms\/wp-content\/uploads\/2025\/10\/Budapester_Strasse_Schild-1520x790.jpg 1520w, https:\/\/www.cdu-fraktion-hamburg-mitte.de\/cms\/wp-content\/uploads\/2025\/10\/Budapester_Strasse_Schild-570x296.jpg 570w, https:\/\/www.cdu-fraktion-hamburg-mitte.de\/cms\/wp-content\/uploads\/2025\/10\/Budapester_Strasse_Schild-1140x593.jpg 1140w\" sizes=\"(max-width: 640px) 100vw, 640px\" \/><\/div><\/a>\n\t\t\t\t<div class=\"elementor-post__badge\">Aktuelles<\/div>\n\t\t\t\t<div class=\"elementor-post__avatar\">\n\t\t\t<img data-del=\"avatar\" alt=\"fraktion\" src='https:\/\/www.cdu-fraktion-hamburg-mitte.de\/cms\/wp-content\/uploads\/2023\/11\/CDU-Logo-Avatar-150x150.png' class='avatar pp-user-avatar avatar-128 photo ' height='128' width='128'\/>\t\t<\/div>\n\t\t\t\t<div class=\"elementor-post__text\">\n\t\t\t\t<h3 class=\"elementor-post__title\">\n\t\t\t<a href=\"https:\/\/www.cdu-fraktion-hamburg-mitte.de\/cms\/hamburg-mitte-erinnert-an-den-ungarischen-volksaufstand-von-1956-erlaeuterungsschild-fuer-die-budapester-strasse-auf-initiative-des-vereins-ungarische-wanderer-e-v-und-der-cdu-fraktion-hamb\/\" >\n\t\t\t\tHamburg-Mitte erinnert an den ungarischen Volksaufstand von 1956 \u2013 Erl\u00e4uterungsschild f\u00fcr die Budapester Stra\u00dfe auf Initiative des Vereins Ungarische Wanderer e.V. und der CDU-Fraktion Hamburg-Mitte\t\t\t<\/a>\n\t\t<\/h3>\n\t\t\t\t<div class=\"elementor-post__excerpt\">\n\t\t\t<p>Heute wurde ein Erl\u00e4uterungsschild an der Budapester Stra\u00dfe enth\u00fcllt und offiziell eingeweiht. Dr. Gunter B\u00f6ttcher, Fraktionsvorsitzender: \u201eWir als CDU-Fraktion Hamburg-Mitte danken dem Verein Ungarische Wanderer e.V. f\u00fcr die Anregung zu dieser Initiative. Sie steht f\u00fcr die Solidarit\u00e4t Hamburgs mit dem ungarischen Volksaufstand von 1956 und zeigt, dass der Einsatz f\u00fcr<\/p>\n\t\t<\/div>\n\t\t\n\t\t<a class=\"elementor-post__read-more\" href=\"https:\/\/www.cdu-fraktion-hamburg-mitte.de\/cms\/hamburg-mitte-erinnert-an-den-ungarischen-volksaufstand-von-1956-erlaeuterungsschild-fuer-die-budapester-strasse-auf-initiative-des-vereins-ungarische-wanderer-e-v-und-der-cdu-fraktion-hamb\/\" aria-label=\"Mehr \u00fcber Hamburg-Mitte erinnert an den ungarischen Volksaufstand von 1956 \u2013 Erl\u00e4uterungsschild f\u00fcr die Budapester Stra\u00dfe auf Initiative des Vereins Ungarische Wanderer e.V. und der CDU-Fraktion Hamburg-Mitte\" tabindex=\"-1\" >\n\t\t\tWeiterlesen \u00bb\t\t<\/a>\n\n\t\t\t\t<\/div>\n\t\t\t\t<div class=\"elementor-post__meta-data\">\n\t\t\t\t\t<span class=\"elementor-post-author\">\n\t\t\tfraktion\t\t<\/span>\n\t\t\t\t<span class=\"elementor-post-date\">\n\t\t\t28. Oktober 2025\t\t<\/span>\n\t\t\t\t<\/div>\n\t\t\t\t\t<\/div>\n\t\t<\/article>\n\t\t\t\t<\/div>\n\t\t\n\t\t\t\t<div class=\"e-load-more-anchor\" data-page=\"1\" data-max-page=\"14\" data-next-page=\"https:\/\/www.cdu-fraktion-hamburg-mitte.de\/cms\/wp-json\/wp\/v2\/pages\/7461\/page\/2\/\"><\/div>\n\t\t\t\t<nav class=\"elementor-pagination\" aria-label=\"Seitennummerierung\">\n\t\t\t<span class=\"page-numbers prev\">&laquo; zur\u00fcck<\/span>\n<span aria-current=\"page\" class=\"page-numbers current\"><span class=\"elementor-screen-only\">Seite<\/span>1<\/span>\n<a class=\"page-numbers\" href=\"https:\/\/www.cdu-fraktion-hamburg-mitte.de\/cms\/wp-json\/wp\/v2\/pages\/7461\/page\/2\/\"><span class=\"elementor-screen-only\">Seite<\/span>2<\/a>\n<a class=\"page-numbers\" href=\"https:\/\/www.cdu-fraktion-hamburg-mitte.de\/cms\/wp-json\/wp\/v2\/pages\/7461\/page\/3\/\"><span class=\"elementor-screen-only\">Seite<\/span>3<\/a>\n<span class=\"page-numbers dots\">&hellip;<\/span>\n<a class=\"page-numbers\" href=\"https:\/\/www.cdu-fraktion-hamburg-mitte.de\/cms\/wp-json\/wp\/v2\/pages\/7461\/page\/14\/\"><span class=\"elementor-screen-only\">Seite<\/span>14<\/a>\n<a class=\"page-numbers next\" href=\"https:\/\/www.cdu-fraktion-hamburg-mitte.de\/cms\/wp-json\/wp\/v2\/pages\/7461\/page\/2\/\">weiter &raquo;<\/a>\t\t<\/nav>\n\t\t\t\t\t\t<\/div>\n\t\t\t\t<\/div>\n\t\t\t\t\t<\/div>\n\t\t<\/div>\n\t\t\t\t\t<\/div>\n\t\t<\/section>\n\t\t\t\t<\/div>\n\t\t","protected":false},"excerpt":{"rendered":"","protected":false},"author":1,"featured_media":0,"parent":0,"menu_order":0,"comment_status":"closed","ping_status":"closed","template":"","meta":{"inline_featured_image":false,"footnotes":""},"class_list":["post-7461","page","type-page","status-publish","hentry"],"yoast_head":"<!-- This site is optimized with the Yoast SEO plugin v27.5 - https:\/\/yoast.com\/product\/yoast-seo-wordpress\/ -->\n<title>Aktuelles &#8226; CDU-Bezirksfraktion Hamburg-Mitte<\/title>\n<meta name=\"robots\" content=\"index, follow, max-snippet:-1, max-image-preview:large, max-video-preview:-1\" \/>\n<link rel=\"canonical\" href=\"https:\/\/www.cdu-fraktion-hamburg-mitte.de\/cms\/aktuelles\/\" \/>\n<meta property=\"og:locale\" content=\"de_DE\" \/>\n<meta property=\"og:type\" content=\"article\" \/>\n<meta property=\"og:title\" content=\"Aktuelles &#8226; CDU-Bezirksfraktion Hamburg-Mitte\" \/>\n<meta property=\"og:url\" content=\"https:\/\/www.cdu-fraktion-hamburg-mitte.de\/cms\/aktuelles\/\" \/>\n<meta property=\"og:site_name\" content=\"CDU-Bezirksfraktion Hamburg-Mitte\" \/>\n<meta property=\"article:modified_time\" content=\"2023-11-26T11:44:43+00:00\" \/>\n<meta name=\"twitter:card\" content=\"summary_large_image\" \/>\n<meta name=\"twitter:label1\" content=\"Gesch\u00e4tzte Lesezeit\" \/>\n\t<meta name=\"twitter:data1\" content=\"16\u00a0Minuten\" \/>\n<script type=\"application\/ld+json\" class=\"yoast-schema-graph\">{\"@context\":\"https:\\\/\\\/schema.org\",\"@graph\":[{\"@type\":\"WebPage\",\"@id\":\"https:\\\/\\\/www.cdu-fraktion-hamburg-mitte.de\\\/cms\\\/aktuelles\\\/\",\"url\":\"https:\\\/\\\/www.cdu-fraktion-hamburg-mitte.de\\\/cms\\\/aktuelles\\\/\",\"name\":\"Aktuelles &#8226; CDU-Bezirksfraktion Hamburg-Mitte\",\"isPartOf\":{\"@id\":\"https:\\\/\\\/www.cdu-fraktion-hamburg-mitte.de\\\/cms\\\/#website\"},\"datePublished\":\"2021-01-22T18:03:20+00:00\",\"dateModified\":\"2023-11-26T11:44:43+00:00\",\"breadcrumb\":{\"@id\":\"https:\\\/\\\/www.cdu-fraktion-hamburg-mitte.de\\\/cms\\\/aktuelles\\\/#breadcrumb\"},\"inLanguage\":\"de\",\"potentialAction\":[{\"@type\":\"ReadAction\",\"target\":[\"https:\\\/\\\/www.cdu-fraktion-hamburg-mitte.de\\\/cms\\\/aktuelles\\\/\"]}]},{\"@type\":\"BreadcrumbList\",\"@id\":\"https:\\\/\\\/www.cdu-fraktion-hamburg-mitte.de\\\/cms\\\/aktuelles\\\/#breadcrumb\",\"itemListElement\":[{\"@type\":\"ListItem\",\"position\":1,\"name\":\"Startseite\",\"item\":\"https:\\\/\\\/www.cdu-fraktion-hamburg-mitte.de\\\/cms\\\/\"},{\"@type\":\"ListItem\",\"position\":2,\"name\":\"Aktuelles\"}]},{\"@type\":\"WebSite\",\"@id\":\"https:\\\/\\\/www.cdu-fraktion-hamburg-mitte.de\\\/cms\\\/#website\",\"url\":\"https:\\\/\\\/www.cdu-fraktion-hamburg-mitte.de\\\/cms\\\/\",\"name\":\"CDU-Bezirksfraktion Hamburg-Mitte\",\"description\":\"Politik in der Bezirksversammlung Hamburg-Mitte\",\"publisher\":{\"@id\":\"https:\\\/\\\/www.cdu-fraktion-hamburg-mitte.de\\\/cms\\\/#organization\"},\"potentialAction\":[{\"@type\":\"SearchAction\",\"target\":{\"@type\":\"EntryPoint\",\"urlTemplate\":\"https:\\\/\\\/www.cdu-fraktion-hamburg-mitte.de\\\/cms\\\/?s={search_term_string}\"},\"query-input\":{\"@type\":\"PropertyValueSpecification\",\"valueRequired\":true,\"valueName\":\"search_term_string\"}}],\"inLanguage\":\"de\"},{\"@type\":\"Organization\",\"@id\":\"https:\\\/\\\/www.cdu-fraktion-hamburg-mitte.de\\\/cms\\\/#organization\",\"name\":\"CDU-B\u00fcrgerschaftsfraktion Hamburg\",\"url\":\"https:\\\/\\\/www.cdu-fraktion-hamburg-mitte.de\\\/cms\\\/\",\"logo\":{\"@type\":\"ImageObject\",\"inLanguage\":\"de\",\"@id\":\"https:\\\/\\\/www.cdu-fraktion-hamburg-mitte.de\\\/cms\\\/#\\\/schema\\\/logo\\\/image\\\/\",\"url\":\"\",\"contentUrl\":\"\",\"caption\":\"CDU-B\u00fcrgerschaftsfraktion Hamburg\"},\"image\":{\"@id\":\"https:\\\/\\\/www.cdu-fraktion-hamburg-mitte.de\\\/cms\\\/#\\\/schema\\\/logo\\\/image\\\/\"}}]}<\/script>\n<!-- \/ Yoast SEO plugin. -->","yoast_head_json":{"title":"Aktuelles &#8226; CDU-Bezirksfraktion Hamburg-Mitte","robots":{"index":"index","follow":"follow","max-snippet":"max-snippet:-1","max-image-preview":"max-image-preview:large","max-video-preview":"max-video-preview:-1"},"canonical":"https:\/\/www.cdu-fraktion-hamburg-mitte.de\/cms\/aktuelles\/","og_locale":"de_DE","og_type":"article","og_title":"Aktuelles &#8226; CDU-Bezirksfraktion Hamburg-Mitte","og_url":"https:\/\/www.cdu-fraktion-hamburg-mitte.de\/cms\/aktuelles\/","og_site_name":"CDU-Bezirksfraktion Hamburg-Mitte","article_modified_time":"2023-11-26T11:44:43+00:00","twitter_card":"summary_large_image","twitter_misc":{"Gesch\u00e4tzte Lesezeit":"16\u00a0Minuten"},"schema":{"@context":"https:\/\/schema.org","@graph":[{"@type":"WebPage","@id":"https:\/\/www.cdu-fraktion-hamburg-mitte.de\/cms\/aktuelles\/","url":"https:\/\/www.cdu-fraktion-hamburg-mitte.de\/cms\/aktuelles\/","name":"Aktuelles &#8226; CDU-Bezirksfraktion Hamburg-Mitte","isPartOf":{"@id":"https:\/\/www.cdu-fraktion-hamburg-mitte.de\/cms\/#website"},"datePublished":"2021-01-22T18:03:20+00:00","dateModified":"2023-11-26T11:44:43+00:00","breadcrumb":{"@id":"https:\/\/www.cdu-fraktion-hamburg-mitte.de\/cms\/aktuelles\/#breadcrumb"},"inLanguage":"de","potentialAction":[{"@type":"ReadAction","target":["https:\/\/www.cdu-fraktion-hamburg-mitte.de\/cms\/aktuelles\/"]}]},{"@type":"BreadcrumbList","@id":"https:\/\/www.cdu-fraktion-hamburg-mitte.de\/cms\/aktuelles\/#breadcrumb","itemListElement":[{"@type":"ListItem","position":1,"name":"Startseite","item":"https:\/\/www.cdu-fraktion-hamburg-mitte.de\/cms\/"},{"@type":"ListItem","position":2,"name":"Aktuelles"}]},{"@type":"WebSite","@id":"https:\/\/www.cdu-fraktion-hamburg-mitte.de\/cms\/#website","url":"https:\/\/www.cdu-fraktion-hamburg-mitte.de\/cms\/","name":"CDU-Bezirksfraktion Hamburg-Mitte","description":"Politik in der Bezirksversammlung Hamburg-Mitte","publisher":{"@id":"https:\/\/www.cdu-fraktion-hamburg-mitte.de\/cms\/#organization"},"potentialAction":[{"@type":"SearchAction","target":{"@type":"EntryPoint","urlTemplate":"https:\/\/www.cdu-fraktion-hamburg-mitte.de\/cms\/?s={search_term_string}"},"query-input":{"@type":"PropertyValueSpecification","valueRequired":true,"valueName":"search_term_string"}}],"inLanguage":"de"},{"@type":"Organization","@id":"https:\/\/www.cdu-fraktion-hamburg-mitte.de\/cms\/#organization","name":"CDU-B\u00fcrgerschaftsfraktion Hamburg","url":"https:\/\/www.cdu-fraktion-hamburg-mitte.de\/cms\/","logo":{"@type":"ImageObject","inLanguage":"de","@id":"https:\/\/www.cdu-fraktion-hamburg-mitte.de\/cms\/#\/schema\/logo\/image\/","url":"","contentUrl":"","caption":"CDU-B\u00fcrgerschaftsfraktion Hamburg"},"image":{"@id":"https:\/\/www.cdu-fraktion-hamburg-mitte.de\/cms\/#\/schema\/logo\/image\/"}}]}},"_links":{"self":[{"href":"https:\/\/www.cdu-fraktion-hamburg-mitte.de\/cms\/wp-json\/wp\/v2\/pages\/7461","targetHints":{"allow":["GET"]}}],"collection":[{"href":"https:\/\/www.cdu-fraktion-hamburg-mitte.de\/cms\/wp-json\/wp\/v2\/pages"}],"about":[{"href":"https:\/\/www.cdu-fraktion-hamburg-mitte.de\/cms\/wp-json\/wp\/v2\/types\/page"}],"author":[{"embeddable":true,"href":"https:\/\/www.cdu-fraktion-hamburg-mitte.de\/cms\/wp-json\/wp\/v2\/users\/1"}],"replies":[{"embeddable":true,"href":"https:\/\/www.cdu-fraktion-hamburg-mitte.de\/cms\/wp-json\/wp\/v2\/comments?post=7461"}],"version-history":[{"count":7,"href":"https:\/\/www.cdu-fraktion-hamburg-mitte.de\/cms\/wp-json\/wp\/v2\/pages\/7461\/revisions"}],"predecessor-version":[{"id":13159,"href":"https:\/\/www.cdu-fraktion-hamburg-mitte.de\/cms\/wp-json\/wp\/v2\/pages\/7461\/revisions\/13159"}],"wp:attachment":[{"href":"https:\/\/www.cdu-fraktion-hamburg-mitte.de\/cms\/wp-json\/wp\/v2\/media?parent=7461"}],"curies":[{"name":"wp","href":"https:\/\/api.w.org\/{rel}","templated":true}]}}